{"id":5417,"date":"2024-11-11T14:33:01","date_gmt":"2024-11-11T11:33:01","guid":{"rendered":"https:\/\/andreibarseanu.ro\/?page_id=5417"},"modified":"2025-12-08T10:45:11","modified_gmt":"2025-12-08T07:45:11","slug":"noutati","status":"publish","type":"page","link":"https:\/\/andreibarseanu.ro\/hu\/noutati\/","title":{"rendered":"H\u00edrek"},"content":{"rendered":"<div class=\"fusion-fullwidth fullwidth-box fusion-builder-row-1 fusion-flex-container has-pattern-background has-mask-background nonhundred-percent-fullwidth non-hundred-percent-height-scrolling fusion-animated\" style=\"--awb-background-position:left top;--awb-background-blend-mode:screen;--awb-border-sizes-top:0px;--awb-border-sizes-bottom:0px;--awb-border-sizes-left:0px;--awb-border-sizes-right:0px;--awb-border-color:var(--awb-color3);--awb-border-radius-top-left:0px;--awb-border-radius-top-right:0px;--awb-border-radius-bottom-right:0px;--awb-border-radius-bottom-left:0px;--awb-padding-top:200px;--awb-padding-right:0px;--awb-padding-bottom:10px;--awb-padding-left:0px;--awb-padding-top-medium:0px;--awb-padding-bottom-medium:0px;--awb-padding-top-small:30px;--awb-padding-right-small:0px;--awb-padding-left-small:0px;--awb-margin-top:-120px;--awb-margin-bottom:20px;--awb-margin-top-medium:-80px;--awb-margin-bottom-medium:80px;--awb-margin-top-small:-60px;--awb-margin-bottom-small:60px;--awb-background-color:var(--awb-color1);--awb-flex-wrap:wrap;\" data-animationtype=\"fadeInUp\" data-animationduration=\"1.3\" data-animationoffset=\"top-into-view\" ><div class=\"fusion-builder-row fusion-row fusion-flex-align-items-stretch fusion-flex-justify-content-center fusion-flex-content-wrap\" style=\"max-width:calc( 1320px + 0px );margin-left: calc(-0px \/ 2 );margin-right: calc(-0px \/ 2 );\"><div class=\"fusion-layout-column fusion_builder_column fusion-builder-column-0 fusion_builder_column_1_1 1_1 fusion-flex-column\" style=\"--awb-bg-size:cover;--awb-width-large:100%;--awb-margin-top-large:60px;--awb-spacing-right-large:0px;--awb-margin-bottom-large:0px;--awb-spacing-left-large:0px;--awb-width-medium:100%;--awb-order-medium:0;--awb-spacing-right-medium:0px;--awb-spacing-left-medium:0px;--awb-width-small:100%;--awb-order-small:0;--awb-spacing-right-small:0px;--awb-spacing-left-small:0px;\" data-scroll-devices=\"small-visibility,medium-visibility,large-visibility\"><div class=\"fusion-column-wrapper fusion-column-has-shadow fusion-flex-justify-content-flex-start fusion-content-layout-column\"><div class=\"fusion-text fusion-text-1\" style=\"--awb-content-alignment:center;--awb-font-size:22px;--awb-text-color:var(--awb-color5);\"><p>H\u00edrek<\/p>\n<\/div><\/div><\/div><div class=\"fusion-layout-column fusion_builder_column fusion-builder-column-1 fusion_builder_column_1_1 1_1 fusion-flex-column\" style=\"--awb-padding-top:30px;--awb-padding-right:4vw;--awb-padding-bottom:2vw;--awb-padding-left:4vw;--awb-padding-top-small:0px;--awb-padding-right-small:30px;--awb-padding-bottom-small:0px;--awb-padding-left-small:30px;--awb-bg-color:var(--awb-color1);--awb-bg-color-hover:var(--awb-color1);--awb-bg-size:cover;--awb-width-large:100%;--awb-margin-top-large:0px;--awb-spacing-right-large:calc( 0.022 * calc( 100% - 0 ) );--awb-margin-bottom-large:0px;--awb-spacing-left-large:0px;--awb-width-medium:100%;--awb-order-medium:0;--awb-spacing-right-medium:calc( 0.022 * calc( 100% - 0 ) );--awb-spacing-left-medium:0px;--awb-width-small:100%;--awb-order-small:1;--awb-spacing-right-small:0px;--awb-margin-bottom-small:0px;--awb-spacing-left-small:0px;\" data-scroll-devices=\"small-visibility,medium-visibility,large-visibility\"><div class=\"fusion-column-wrapper fusion-column-has-shadow fusion-flex-justify-content-flex-start fusion-content-layout-column\"><div class=\"fusion-post-cards fusion-post-cards-1 fusion-grid-archive fusion-grid-columns-3\" style=\"--awb-column-spacing:85px;--awb-dots-align:center;--awb-columns:3;--awb-active-filter-border-size:3px;--awb-filters-height:36px;--awb-row-spacing:53px;--awb-columns-medium:33.3333%;--awb-columns-small:100%;\"><ul class=\"fusion-grid fusion-grid-3 fusion-flex-align-items-stretch fusion-grid-posts-cards\"><li class=\"fusion-layout-column fusion_builder_column fusion-builder-column-2 fusion-flex-column post-card fusion-grid-column fusion-post-cards-grid-column\" style=\"--awb-bg-blend:overlay;--awb-bg-size:cover;\"><div class=\"fusion-column-wrapper fusion-flex-justify-content-flex-start fusion-content-layout-column\"><div class=\"fusion-classic-product-image-wrapper fusion-woo-product-image fusion-post-card-image fusion-post-card-image-1\" data-layout=\"static\" style=\"--awb-border-radius-top-left:10px;--awb-border-radius-top-right:10px;--awb-border-radius-bottom-right:10px;--awb-border-radius-bottom-left:10px;\"><div  class=\"fusion-image-wrapper\" aria-haspopup=\"true\">\n\t\t\t\t\t\t\t<a href=\"https:\/\/andreibarseanu.ro\/hu\/ziua-internationala-zero-deseuri-international-day-of-zero-waste-2026\/\" aria-label=\"Ziua Interna\u021bional\u0103 Zero De\u0219euri\/ International Day of Zero Waste 2026\">\n\t\t\t\t\t\t\t<img decoding=\"async\" width=\"400\" height=\"267\" src=\"https:\/\/andreibarseanu.ro\/wp-content\/uploads\/2026\/03\/waste.webp\" class=\"attachment-full size-full lazyload wp-post-image\" alt=\"\" srcset=\"data:image\/svg+xml,%3Csvg%20xmlns%3D%27http%3A%2F%2Fwww.w3.org%2F2000%2Fsvg%27%20width%3D%27400%27%20height%3D%27267%27%20viewBox%3D%270%200%20400%20267%27%3E%3Crect%20width%3D%27400%27%20height%3D%27267%27%20fill-opacity%3D%220%22%2F%3E%3C%2Fsvg%3E\" data-orig-src=\"https:\/\/andreibarseanu.ro\/wp-content\/uploads\/2026\/03\/waste.webp\" data-srcset=\"https:\/\/andreibarseanu.ro\/wp-content\/uploads\/2026\/03\/waste-18x12.webp 18w, https:\/\/andreibarseanu.ro\/wp-content\/uploads\/2026\/03\/waste-200x134.webp 200w, https:\/\/andreibarseanu.ro\/wp-content\/uploads\/2026\/03\/waste-300x200.webp 300w, https:\/\/andreibarseanu.ro\/wp-content\/uploads\/2026\/03\/waste.webp 400w\" data-sizes=\"auto\" \/>\t\t\t<\/a>\n\t\t\t\t\t\t\t<\/div>\n<\/div><div class=\"fusion-title title fusion-title-1 fusion-sep-none fusion-title-text fusion-title-size-paragraph\" style=\"--awb-margin-top:20px;--awb-margin-right:10px;--awb-margin-bottom:0px;--awb-margin-left:10px;--awb-margin-left-small:10px;--awb-link-color:var(--awb-color8);--awb-font-size:19px;\"><p class=\"fusion-title-heading title-heading-left title-heading-tag\" style=\"margin:0;font-size:1em;text-transform:none;\"><a href=\"https:\/\/andreibarseanu.ro\/hu\/ziua-internationala-zero-deseuri-international-day-of-zero-waste-2026\/\" class=\"awb-custom-text-color awb-custom-text-hover-color\" target=\"_self\">Ziua Interna\u021bional\u0103 Zero De\u0219euri\/ International Day of Zero Waste 2026<\/a><\/p><\/div><\/div><\/li>\n<li class=\"fusion-layout-column fusion_builder_column fusion-builder-column-3 fusion-flex-column post-card fusion-grid-column fusion-post-cards-grid-column\" style=\"--awb-bg-blend:overlay;--awb-bg-size:cover;\"><div class=\"fusion-column-wrapper fusion-flex-justify-content-flex-start fusion-content-layout-column\"><div class=\"fusion-classic-product-image-wrapper fusion-woo-product-image fusion-post-card-image fusion-post-card-image-1\" data-layout=\"static\" style=\"--awb-border-radius-top-left:10px;--awb-border-radius-top-right:10px;--awb-border-radius-bottom-right:10px;--awb-border-radius-bottom-left:10px;\"><div  class=\"fusion-image-wrapper\" aria-haspopup=\"true\">\n\t\t\t\t\t\t\t<a href=\"https:\/\/andreibarseanu.ro\/hu\/2026-in-romania\/\" aria-label=\"2026 \u00een Rom\u00e2nia\">\n\t\t\t\t\t\t\t<img decoding=\"async\" width=\"400\" height=\"267\" src=\"https:\/\/andreibarseanu.ro\/wp-content\/uploads\/2026\/03\/2026.webp\" class=\"attachment-full size-full lazyload wp-post-image\" alt=\"\" srcset=\"data:image\/svg+xml,%3Csvg%20xmlns%3D%27http%3A%2F%2Fwww.w3.org%2F2000%2Fsvg%27%20width%3D%27400%27%20height%3D%27267%27%20viewBox%3D%270%200%20400%20267%27%3E%3Crect%20width%3D%27400%27%20height%3D%27267%27%20fill-opacity%3D%220%22%2F%3E%3C%2Fsvg%3E\" data-orig-src=\"https:\/\/andreibarseanu.ro\/wp-content\/uploads\/2026\/03\/2026.webp\" data-srcset=\"https:\/\/andreibarseanu.ro\/wp-content\/uploads\/2026\/03\/2026-18x12.webp 18w, https:\/\/andreibarseanu.ro\/wp-content\/uploads\/2026\/03\/2026-200x134.webp 200w, https:\/\/andreibarseanu.ro\/wp-content\/uploads\/2026\/03\/2026-300x200.webp 300w, https:\/\/andreibarseanu.ro\/wp-content\/uploads\/2026\/03\/2026.webp 400w\" data-sizes=\"auto\" \/>\t\t\t<\/a>\n\t\t\t\t\t\t\t<\/div>\n<\/div><div class=\"fusion-title title fusion-title-2 fusion-sep-none fusion-title-text fusion-title-size-paragraph\" style=\"--awb-margin-top:20px;--awb-margin-right:10px;--awb-margin-bottom:0px;--awb-margin-left:10px;--awb-margin-left-small:10px;--awb-link-color:var(--awb-color8);--awb-font-size:19px;\"><p class=\"fusion-title-heading title-heading-left title-heading-tag\" style=\"margin:0;font-size:1em;text-transform:none;\"><a href=\"https:\/\/andreibarseanu.ro\/hu\/2026-in-romania\/\" class=\"awb-custom-text-color awb-custom-text-hover-color\" target=\"_self\">2026 \u00een Rom\u00e2nia<\/a><\/p><\/div><\/div><\/li>\n<li class=\"fusion-layout-column fusion_builder_column fusion-builder-column-4 fusion-flex-column post-card fusion-grid-column fusion-post-cards-grid-column\" style=\"--awb-bg-blend:overlay;--awb-bg-size:cover;\"><div class=\"fusion-column-wrapper fusion-flex-justify-content-flex-start fusion-content-layout-column\"><div class=\"fusion-classic-product-image-wrapper fusion-woo-product-image fusion-post-card-image fusion-post-card-image-1\" data-layout=\"static\" style=\"--awb-border-radius-top-left:10px;--awb-border-radius-top-right:10px;--awb-border-radius-bottom-right:10px;--awb-border-radius-bottom-left:10px;\"><div  class=\"fusion-image-wrapper\" aria-haspopup=\"true\">\n\t\t\t\t\t\t\t<a href=\"https:\/\/andreibarseanu.ro\/hu\/ziua-mondiala-a-apei-world-water-day-2026\/\" aria-label=\"Ziua Mondial\u0103 a Apei\/ World Water Day 2026\">\n\t\t\t\t\t\t\t<img decoding=\"async\" width=\"400\" height=\"267\" src=\"https:\/\/andreibarseanu.ro\/wp-content\/uploads\/2026\/03\/22-martie-2026.webp\" class=\"attachment-full size-full lazyload wp-post-image\" alt=\"\" srcset=\"data:image\/svg+xml,%3Csvg%20xmlns%3D%27http%3A%2F%2Fwww.w3.org%2F2000%2Fsvg%27%20width%3D%27400%27%20height%3D%27267%27%20viewBox%3D%270%200%20400%20267%27%3E%3Crect%20width%3D%27400%27%20height%3D%27267%27%20fill-opacity%3D%220%22%2F%3E%3C%2Fsvg%3E\" data-orig-src=\"https:\/\/andreibarseanu.ro\/wp-content\/uploads\/2026\/03\/22-martie-2026.webp\" data-srcset=\"https:\/\/andreibarseanu.ro\/wp-content\/uploads\/2026\/03\/22-martie-2026-18x12.webp 18w, https:\/\/andreibarseanu.ro\/wp-content\/uploads\/2026\/03\/22-martie-2026-200x134.webp 200w, https:\/\/andreibarseanu.ro\/wp-content\/uploads\/2026\/03\/22-martie-2026-300x200.webp 300w, https:\/\/andreibarseanu.ro\/wp-content\/uploads\/2026\/03\/22-martie-2026.webp 400w\" data-sizes=\"auto\" \/>\t\t\t<\/a>\n\t\t\t\t\t\t\t<\/div>\n<\/div><div class=\"fusion-title title fusion-title-3 fusion-sep-none fusion-title-text fusion-title-size-paragraph\" style=\"--awb-margin-top:20px;--awb-margin-right:10px;--awb-margin-bottom:0px;--awb-margin-left:10px;--awb-margin-left-small:10px;--awb-link-color:var(--awb-color8);--awb-font-size:19px;\"><p class=\"fusion-title-heading title-heading-left title-heading-tag\" style=\"margin:0;font-size:1em;text-transform:none;\"><a href=\"https:\/\/andreibarseanu.ro\/hu\/ziua-mondiala-a-apei-world-water-day-2026\/\" class=\"awb-custom-text-color awb-custom-text-hover-color\" target=\"_self\">Ziua Mondial\u0103 a Apei\/ World Water Day 2026<\/a><\/p><\/div><\/div><\/li>\n<li class=\"fusion-layout-column fusion_builder_column fusion-builder-column-5 fusion-flex-column post-card fusion-grid-column fusion-post-cards-grid-column\" style=\"--awb-bg-blend:overlay;--awb-bg-size:cover;\"><div class=\"fusion-column-wrapper fusion-flex-justify-content-flex-start fusion-content-layout-column\"><div class=\"fusion-classic-product-image-wrapper fusion-woo-product-image fusion-post-card-image fusion-post-card-image-1\" data-layout=\"static\" style=\"--awb-border-radius-top-left:10px;--awb-border-radius-top-right:10px;--awb-border-radius-bottom-right:10px;--awb-border-radius-bottom-left:10px;\"><div  class=\"fusion-image-wrapper\" aria-haspopup=\"true\">\n\t\t\t\t\t\t\t<a href=\"https:\/\/andreibarseanu.ro\/hu\/ziua-internationala-a-invatarii-digitale-international-day-for-digital-learning-2026\/\" aria-label=\"Ziua Interna\u021bional\u0103 a \u00cenv\u0103\u021b\u0103rii Digitale \/ International Day for Digital Learning 2026\">\n\t\t\t\t\t\t\t<img decoding=\"async\" width=\"400\" height=\"267\" src=\"https:\/\/andreibarseanu.ro\/wp-content\/uploads\/2026\/03\/19martie.webp\" class=\"attachment-full size-full lazyload wp-post-image\" alt=\"\" srcset=\"data:image\/svg+xml,%3Csvg%20xmlns%3D%27http%3A%2F%2Fwww.w3.org%2F2000%2Fsvg%27%20width%3D%27400%27%20height%3D%27267%27%20viewBox%3D%270%200%20400%20267%27%3E%3Crect%20width%3D%27400%27%20height%3D%27267%27%20fill-opacity%3D%220%22%2F%3E%3C%2Fsvg%3E\" data-orig-src=\"https:\/\/andreibarseanu.ro\/wp-content\/uploads\/2026\/03\/19martie.webp\" data-srcset=\"https:\/\/andreibarseanu.ro\/wp-content\/uploads\/2026\/03\/19martie-18x12.webp 18w, https:\/\/andreibarseanu.ro\/wp-content\/uploads\/2026\/03\/19martie-200x134.webp 200w, https:\/\/andreibarseanu.ro\/wp-content\/uploads\/2026\/03\/19martie-300x200.webp 300w, https:\/\/andreibarseanu.ro\/wp-content\/uploads\/2026\/03\/19martie.webp 400w\" data-sizes=\"auto\" \/>\t\t\t<\/a>\n\t\t\t\t\t\t\t<\/div>\n<\/div><div class=\"fusion-title title fusion-title-4 fusion-sep-none fusion-title-text fusion-title-size-paragraph\" style=\"--awb-margin-top:20px;--awb-margin-right:10px;--awb-margin-bottom:0px;--awb-margin-left:10px;--awb-margin-left-small:10px;--awb-link-color:var(--awb-color8);--awb-font-size:19px;\"><p class=\"fusion-title-heading title-heading-left title-heading-tag\" style=\"margin:0;font-size:1em;text-transform:none;\"><a href=\"https:\/\/andreibarseanu.ro\/hu\/ziua-internationala-a-invatarii-digitale-international-day-for-digital-learning-2026\/\" class=\"awb-custom-text-color awb-custom-text-hover-color\" target=\"_self\">Ziua Interna\u021bional\u0103 a \u00cenv\u0103\u021b\u0103rii Digitale \/ International Day for Digital Learning 2026<\/a><\/p><\/div><\/div><\/li>\n<li class=\"fusion-layout-column fusion_builder_column fusion-builder-column-6 fusion-flex-column post-card fusion-grid-column fusion-post-cards-grid-column\" style=\"--awb-bg-blend:overlay;--awb-bg-size:cover;\"><div class=\"fusion-column-wrapper fusion-flex-justify-content-flex-start fusion-content-layout-column\"><div class=\"fusion-classic-product-image-wrapper fusion-woo-product-image fusion-post-card-image fusion-post-card-image-1\" data-layout=\"static\" style=\"--awb-border-radius-top-left:10px;--awb-border-radius-top-right:10px;--awb-border-radius-bottom-right:10px;--awb-border-radius-bottom-left:10px;\"><div  class=\"fusion-image-wrapper\" aria-haspopup=\"true\">\n\t\t\t\t\t\t\t<a href=\"https:\/\/andreibarseanu.ro\/hu\/ziua-internationala-a-matematicii-international-day-of-mathematics-2026\/\" aria-label=\"Ziua Interna\u021bional\u0103 a Matematicii\/ International Day of Mathematics 2026\">\n\t\t\t\t\t\t\t<img decoding=\"async\" width=\"400\" height=\"267\" src=\"https:\/\/andreibarseanu.ro\/wp-content\/uploads\/2026\/03\/math2026.webp\" class=\"attachment-full size-full lazyload wp-post-image\" alt=\"\" srcset=\"data:image\/svg+xml,%3Csvg%20xmlns%3D%27http%3A%2F%2Fwww.w3.org%2F2000%2Fsvg%27%20width%3D%27400%27%20height%3D%27267%27%20viewBox%3D%270%200%20400%20267%27%3E%3Crect%20width%3D%27400%27%20height%3D%27267%27%20fill-opacity%3D%220%22%2F%3E%3C%2Fsvg%3E\" data-orig-src=\"https:\/\/andreibarseanu.ro\/wp-content\/uploads\/2026\/03\/math2026.webp\" data-srcset=\"https:\/\/andreibarseanu.ro\/wp-content\/uploads\/2026\/03\/math2026-18x12.webp 18w, https:\/\/andreibarseanu.ro\/wp-content\/uploads\/2026\/03\/math2026-200x134.webp 200w, https:\/\/andreibarseanu.ro\/wp-content\/uploads\/2026\/03\/math2026-300x200.webp 300w, https:\/\/andreibarseanu.ro\/wp-content\/uploads\/2026\/03\/math2026.webp 400w\" data-sizes=\"auto\" \/>\t\t\t<\/a>\n\t\t\t\t\t\t\t<\/div>\n<\/div><div class=\"fusion-title title fusion-title-5 fusion-sep-none fusion-title-text fusion-title-size-paragraph\" style=\"--awb-margin-top:20px;--awb-margin-right:10px;--awb-margin-bottom:0px;--awb-margin-left:10px;--awb-margin-left-small:10px;--awb-link-color:var(--awb-color8);--awb-font-size:19px;\"><p class=\"fusion-title-heading title-heading-left title-heading-tag\" style=\"margin:0;font-size:1em;text-transform:none;\"><a href=\"https:\/\/andreibarseanu.ro\/hu\/ziua-internationala-a-matematicii-international-day-of-mathematics-2026\/\" class=\"awb-custom-text-color awb-custom-text-hover-color\" target=\"_self\">Ziua Interna\u021bional\u0103 a Matematicii\/ International Day of Mathematics 2026<\/a><\/p><\/div><\/div><\/li>\n<li class=\"fusion-layout-column fusion_builder_column fusion-builder-column-7 fusion-flex-column post-card fusion-grid-column fusion-post-cards-grid-column\" style=\"--awb-bg-blend:overlay;--awb-bg-size:cover;\"><div class=\"fusion-column-wrapper fusion-flex-justify-content-flex-start fusion-content-layout-column\"><div class=\"fusion-classic-product-image-wrapper fusion-woo-product-image fusion-post-card-image fusion-post-card-image-1\" data-layout=\"static\" style=\"--awb-border-radius-top-left:10px;--awb-border-radius-top-right:10px;--awb-border-radius-bottom-right:10px;--awb-border-radius-bottom-left:10px;\"><div  class=\"fusion-image-wrapper\" aria-haspopup=\"true\">\n\t\t\t\t\t\t\t<a href=\"https:\/\/andreibarseanu.ro\/hu\/ziua-mondiala-a-somnului-world-sleep-day-2026\/\" aria-label=\"Ziua Mondial\u0103 a Somnului\/ World Sleep Day 2026\">\n\t\t\t\t\t\t\t<img decoding=\"async\" width=\"400\" height=\"267\" src=\"https:\/\/andreibarseanu.ro\/wp-content\/uploads\/2026\/03\/wsd2026-2.webp\" class=\"attachment-full size-full lazyload wp-post-image\" alt=\"\" srcset=\"data:image\/svg+xml,%3Csvg%20xmlns%3D%27http%3A%2F%2Fwww.w3.org%2F2000%2Fsvg%27%20width%3D%27400%27%20height%3D%27267%27%20viewBox%3D%270%200%20400%20267%27%3E%3Crect%20width%3D%27400%27%20height%3D%27267%27%20fill-opacity%3D%220%22%2F%3E%3C%2Fsvg%3E\" data-orig-src=\"https:\/\/andreibarseanu.ro\/wp-content\/uploads\/2026\/03\/wsd2026-2.webp\" data-srcset=\"https:\/\/andreibarseanu.ro\/wp-content\/uploads\/2026\/03\/wsd2026-2-18x12.webp 18w, https:\/\/andreibarseanu.ro\/wp-content\/uploads\/2026\/03\/wsd2026-2-200x134.webp 200w, https:\/\/andreibarseanu.ro\/wp-content\/uploads\/2026\/03\/wsd2026-2-300x200.webp 300w, https:\/\/andreibarseanu.ro\/wp-content\/uploads\/2026\/03\/wsd2026-2.webp 400w\" data-sizes=\"auto\" \/>\t\t\t<\/a>\n\t\t\t\t\t\t\t<\/div>\n<\/div><div class=\"fusion-title title fusion-title-6 fusion-sep-none fusion-title-text fusion-title-size-paragraph\" style=\"--awb-margin-top:20px;--awb-margin-right:10px;--awb-margin-bottom:0px;--awb-margin-left:10px;--awb-margin-left-small:10px;--awb-link-color:var(--awb-color8);--awb-font-size:19px;\"><p class=\"fusion-title-heading title-heading-left title-heading-tag\" style=\"margin:0;font-size:1em;text-transform:none;\"><a href=\"https:\/\/andreibarseanu.ro\/hu\/ziua-mondiala-a-somnului-world-sleep-day-2026\/\" class=\"awb-custom-text-color awb-custom-text-hover-color\" target=\"_self\">Ziua Mondial\u0103 a Somnului\/ World Sleep Day 2026<\/a><\/p><\/div><\/div><\/li>\n<li class=\"fusion-layout-column fusion_builder_column fusion-builder-column-8 fusion-flex-column post-card fusion-grid-column fusion-post-cards-grid-column\" style=\"--awb-bg-blend:overlay;--awb-bg-size:cover;\"><div class=\"fusion-column-wrapper fusion-flex-justify-content-flex-start fusion-content-layout-column\"><div class=\"fusion-classic-product-image-wrapper fusion-woo-product-image fusion-post-card-image fusion-post-card-image-1\" data-layout=\"static\" style=\"--awb-border-radius-top-left:10px;--awb-border-radius-top-right:10px;--awb-border-radius-bottom-right:10px;--awb-border-radius-bottom-left:10px;\"><div  class=\"fusion-image-wrapper\" aria-haspopup=\"true\">\n\t\t\t\t\t\t\t<a href=\"https:\/\/andreibarseanu.ro\/hu\/ziua-internationala-a-femeii-international-womens-day-2026\/\" aria-label=\"Ziua Interna\u021bional\u0103 a Femeii\/ International Women&#8217;s Day 2026\">\n\t\t\t\t\t\t\t<img decoding=\"async\" width=\"400\" height=\"267\" src=\"https:\/\/andreibarseanu.ro\/wp-content\/uploads\/2026\/03\/webtv-1.webp\" class=\"attachment-full size-full lazyload wp-post-image\" alt=\"\" srcset=\"data:image\/svg+xml,%3Csvg%20xmlns%3D%27http%3A%2F%2Fwww.w3.org%2F2000%2Fsvg%27%20width%3D%27400%27%20height%3D%27267%27%20viewBox%3D%270%200%20400%20267%27%3E%3Crect%20width%3D%27400%27%20height%3D%27267%27%20fill-opacity%3D%220%22%2F%3E%3C%2Fsvg%3E\" data-orig-src=\"https:\/\/andreibarseanu.ro\/wp-content\/uploads\/2026\/03\/webtv-1.webp\" data-srcset=\"https:\/\/andreibarseanu.ro\/wp-content\/uploads\/2026\/03\/webtv-1-18x12.webp 18w, https:\/\/andreibarseanu.ro\/wp-content\/uploads\/2026\/03\/webtv-1-200x134.webp 200w, https:\/\/andreibarseanu.ro\/wp-content\/uploads\/2026\/03\/webtv-1-300x200.webp 300w, https:\/\/andreibarseanu.ro\/wp-content\/uploads\/2026\/03\/webtv-1.webp 400w\" data-sizes=\"auto\" \/>\t\t\t<\/a>\n\t\t\t\t\t\t\t<\/div>\n<\/div><div class=\"fusion-title title fusion-title-7 fusion-sep-none fusion-title-text fusion-title-size-paragraph\" style=\"--awb-margin-top:20px;--awb-margin-right:10px;--awb-margin-bottom:0px;--awb-margin-left:10px;--awb-margin-left-small:10px;--awb-link-color:var(--awb-color8);--awb-font-size:19px;\"><p class=\"fusion-title-heading title-heading-left title-heading-tag\" style=\"margin:0;font-size:1em;text-transform:none;\"><a href=\"https:\/\/andreibarseanu.ro\/hu\/ziua-internationala-a-femeii-international-womens-day-2026\/\" class=\"awb-custom-text-color awb-custom-text-hover-color\" target=\"_self\">Ziua Interna\u021bional\u0103 a Femeii\/ International Women&#8217;s Day 2026<\/a><\/p><\/div><\/div><\/li>\n<li class=\"fusion-layout-column fusion_builder_column fusion-builder-column-9 fusion-flex-column post-card fusion-grid-column fusion-post-cards-grid-column\" style=\"--awb-bg-blend:overlay;--awb-bg-size:cover;\"><div class=\"fusion-column-wrapper fusion-flex-justify-content-flex-start fusion-content-layout-column\"><div class=\"fusion-classic-product-image-wrapper fusion-woo-product-image fusion-post-card-image fusion-post-card-image-1\" data-layout=\"static\" style=\"--awb-border-radius-top-left:10px;--awb-border-radius-top-right:10px;--awb-border-radius-bottom-right:10px;--awb-border-radius-bottom-left:10px;\"><div  class=\"fusion-image-wrapper\" aria-haspopup=\"true\">\n\t\t\t\t\t\t\t<a href=\"https:\/\/andreibarseanu.ro\/hu\/ziua-mondiala-a-ingineriei-pentru-dezvoltare-durabila\/\" aria-label=\"Ziua Mondial\u0103 a Ingineriei pentru Dezvoltare Durabil\u0103\">\n\t\t\t\t\t\t\t<img decoding=\"async\" width=\"400\" height=\"267\" src=\"https:\/\/andreibarseanu.ro\/wp-content\/uploads\/2026\/03\/wed2026.webp\" class=\"attachment-full size-full lazyload wp-post-image\" alt=\"\" srcset=\"data:image\/svg+xml,%3Csvg%20xmlns%3D%27http%3A%2F%2Fwww.w3.org%2F2000%2Fsvg%27%20width%3D%27400%27%20height%3D%27267%27%20viewBox%3D%270%200%20400%20267%27%3E%3Crect%20width%3D%27400%27%20height%3D%27267%27%20fill-opacity%3D%220%22%2F%3E%3C%2Fsvg%3E\" data-orig-src=\"https:\/\/andreibarseanu.ro\/wp-content\/uploads\/2026\/03\/wed2026.webp\" data-srcset=\"https:\/\/andreibarseanu.ro\/wp-content\/uploads\/2026\/03\/wed2026-18x12.webp 18w, https:\/\/andreibarseanu.ro\/wp-content\/uploads\/2026\/03\/wed2026-200x134.webp 200w, https:\/\/andreibarseanu.ro\/wp-content\/uploads\/2026\/03\/wed2026-300x200.webp 300w, https:\/\/andreibarseanu.ro\/wp-content\/uploads\/2026\/03\/wed2026.webp 400w\" data-sizes=\"auto\" \/>\t\t\t<\/a>\n\t\t\t\t\t\t\t<\/div>\n<\/div><div class=\"fusion-title title fusion-title-8 fusion-sep-none fusion-title-text fusion-title-size-paragraph\" style=\"--awb-margin-top:20px;--awb-margin-right:10px;--awb-margin-bottom:0px;--awb-margin-left:10px;--awb-margin-left-small:10px;--awb-link-color:var(--awb-color8);--awb-font-size:19px;\"><p class=\"fusion-title-heading title-heading-left title-heading-tag\" style=\"margin:0;font-size:1em;text-transform:none;\"><a href=\"https:\/\/andreibarseanu.ro\/hu\/ziua-mondiala-a-ingineriei-pentru-dezvoltare-durabila\/\" class=\"awb-custom-text-color awb-custom-text-hover-color\" target=\"_self\">Ziua Mondial\u0103 a Ingineriei pentru Dezvoltare Durabil\u0103<\/a><\/p><\/div><\/div><\/li>\n<li class=\"fusion-layout-column fusion_builder_column fusion-builder-column-10 fusion-flex-column post-card fusion-grid-column fusion-post-cards-grid-column\" style=\"--awb-bg-blend:overlay;--awb-bg-size:cover;\"><div class=\"fusion-column-wrapper fusion-flex-justify-content-flex-start fusion-content-layout-column\"><div class=\"fusion-classic-product-image-wrapper fusion-woo-product-image fusion-post-card-image fusion-post-card-image-1\" data-layout=\"static\" style=\"--awb-border-radius-top-left:10px;--awb-border-radius-top-right:10px;--awb-border-radius-bottom-right:10px;--awb-border-radius-bottom-left:10px;\"><div  class=\"fusion-image-wrapper\" aria-haspopup=\"true\">\n\t\t\t\t\t\t\t<a href=\"https:\/\/andreibarseanu.ro\/hu\/ziua-mondiala-a-naturii-salbatice-world-wildlife-day-2026\/\" aria-label=\"Ziua Mondial\u0103 a Naturii S\u0103lbatice (World Wildlife Day) 2026\">\n\t\t\t\t\t\t\t<img decoding=\"async\" width=\"400\" height=\"267\" src=\"https:\/\/andreibarseanu.ro\/wp-content\/uploads\/2026\/03\/wwd2.webp\" class=\"attachment-full size-full lazyload wp-post-image\" alt=\"\" srcset=\"data:image\/svg+xml,%3Csvg%20xmlns%3D%27http%3A%2F%2Fwww.w3.org%2F2000%2Fsvg%27%20width%3D%27400%27%20height%3D%27267%27%20viewBox%3D%270%200%20400%20267%27%3E%3Crect%20width%3D%27400%27%20height%3D%27267%27%20fill-opacity%3D%220%22%2F%3E%3C%2Fsvg%3E\" data-orig-src=\"https:\/\/andreibarseanu.ro\/wp-content\/uploads\/2026\/03\/wwd2.webp\" data-srcset=\"https:\/\/andreibarseanu.ro\/wp-content\/uploads\/2026\/03\/wwd2-18x12.webp 18w, https:\/\/andreibarseanu.ro\/wp-content\/uploads\/2026\/03\/wwd2-200x134.webp 200w, https:\/\/andreibarseanu.ro\/wp-content\/uploads\/2026\/03\/wwd2-300x200.webp 300w, https:\/\/andreibarseanu.ro\/wp-content\/uploads\/2026\/03\/wwd2.webp 400w\" data-sizes=\"auto\" \/>\t\t\t<\/a>\n\t\t\t\t\t\t\t<\/div>\n<\/div><div class=\"fusion-title title fusion-title-9 fusion-sep-none fusion-title-text fusion-title-size-paragraph\" style=\"--awb-margin-top:20px;--awb-margin-right:10px;--awb-margin-bottom:0px;--awb-margin-left:10px;--awb-margin-left-small:10px;--awb-link-color:var(--awb-color8);--awb-font-size:19px;\"><p class=\"fusion-title-heading title-heading-left title-heading-tag\" style=\"margin:0;font-size:1em;text-transform:none;\"><a href=\"https:\/\/andreibarseanu.ro\/hu\/ziua-mondiala-a-naturii-salbatice-world-wildlife-day-2026\/\" class=\"awb-custom-text-color awb-custom-text-hover-color\" target=\"_self\">Ziua Mondial\u0103 a Naturii S\u0103lbatice (World Wildlife Day) 2026<\/a><\/p><\/div><\/div><\/li>\n<li class=\"fusion-layout-column fusion_builder_column fusion-builder-column-11 fusion-flex-column post-card fusion-grid-column fusion-post-cards-grid-column\" style=\"--awb-bg-blend:overlay;--awb-bg-size:cover;\"><div class=\"fusion-column-wrapper fusion-flex-justify-content-flex-start fusion-content-layout-column\"><div class=\"fusion-classic-product-image-wrapper fusion-woo-product-image fusion-post-card-image fusion-post-card-image-1\" data-layout=\"static\" style=\"--awb-border-radius-top-left:10px;--awb-border-radius-top-right:10px;--awb-border-radius-bottom-right:10px;--awb-border-radius-bottom-left:10px;\"><div  class=\"fusion-image-wrapper\" aria-haspopup=\"true\">\n\t\t\t\t\t\t\t<a href=\"https:\/\/andreibarseanu.ro\/hu\/structura-anului-scolar-2025-2026\/\" aria-label=\"Structura anului \u0219colar 2025 &#8211; 2026\">\n\t\t\t\t\t\t\t<img decoding=\"async\" width=\"1599\" height=\"936\" src=\"https:\/\/andreibarseanu.ro\/wp-content\/uploads\/2025\/05\/2025-2026.jpeg\" class=\"attachment-full size-full lazyload wp-post-image\" alt=\"\" srcset=\"data:image\/svg+xml,%3Csvg%20xmlns%3D%27http%3A%2F%2Fwww.w3.org%2F2000%2Fsvg%27%20width%3D%271599%27%20height%3D%27936%27%20viewBox%3D%270%200%201599%20936%27%3E%3Crect%20width%3D%271599%27%20height%3D%27936%27%20fill-opacity%3D%220%22%2F%3E%3C%2Fsvg%3E\" data-orig-src=\"https:\/\/andreibarseanu.ro\/wp-content\/uploads\/2025\/05\/2025-2026.jpeg\" data-srcset=\"https:\/\/andreibarseanu.ro\/wp-content\/uploads\/2025\/05\/2025-2026-200x117.jpeg 200w, https:\/\/andreibarseanu.ro\/wp-content\/uploads\/2025\/05\/2025-2026-400x234.jpeg 400w, https:\/\/andreibarseanu.ro\/wp-content\/uploads\/2025\/05\/2025-2026-600x351.jpeg 600w, https:\/\/andreibarseanu.ro\/wp-content\/uploads\/2025\/05\/2025-2026-800x468.jpeg 800w, https:\/\/andreibarseanu.ro\/wp-content\/uploads\/2025\/05\/2025-2026-1200x702.jpeg 1200w, https:\/\/andreibarseanu.ro\/wp-content\/uploads\/2025\/05\/2025-2026.jpeg 1599w\" data-sizes=\"auto\" \/>\t\t\t<\/a>\n\t\t\t\t\t\t\t<\/div>\n<\/div><div class=\"fusion-title title fusion-title-10 fusion-sep-none fusion-title-text fusion-title-size-paragraph\" style=\"--awb-margin-top:20px;--awb-margin-right:10px;--awb-margin-bottom:0px;--awb-margin-left:10px;--awb-margin-left-small:10px;--awb-link-color:var(--awb-color8);--awb-font-size:19px;\"><p class=\"fusion-title-heading title-heading-left title-heading-tag\" style=\"margin:0;font-size:1em;text-transform:none;\"><a href=\"https:\/\/andreibarseanu.ro\/hu\/structura-anului-scolar-2025-2026\/\" class=\"awb-custom-text-color awb-custom-text-hover-color\" target=\"_self\">Structura anului \u0219colar 2025 &#8211; 2026<\/a><\/p><\/div><\/div><\/li>\n<li class=\"fusion-layout-column fusion_builder_column fusion-builder-column-12 fusion-flex-column post-card fusion-grid-column fusion-post-cards-grid-column\" style=\"--awb-bg-blend:overlay;--awb-bg-size:cover;\"><div class=\"fusion-column-wrapper fusion-flex-justify-content-flex-start fusion-content-layout-column\"><div class=\"fusion-classic-product-image-wrapper fusion-woo-product-image fusion-post-card-image fusion-post-card-image-1\" data-layout=\"static\" style=\"--awb-border-radius-top-left:10px;--awb-border-radius-top-right:10px;--awb-border-radius-bottom-right:10px;--awb-border-radius-bottom-left:10px;\"><div  class=\"fusion-image-wrapper\" aria-haspopup=\"true\">\n\t\t\t\t\t\t\t<a href=\"https:\/\/andreibarseanu.ro\/hu\/saptamana-educatiei-deschise-open-education-week-oew-2026\/\" aria-label=\"S\u0103pt\u0103m\u00e2na Educa\u021biei Deschise \/ Open Education Week (OEW) 2026\">\n\t\t\t\t\t\t\t<img decoding=\"async\" width=\"400\" height=\"267\" src=\"https:\/\/andreibarseanu.ro\/wp-content\/uploads\/2026\/03\/oeweek4.webp\" class=\"attachment-full size-full lazyload wp-post-image\" alt=\"\" srcset=\"data:image\/svg+xml,%3Csvg%20xmlns%3D%27http%3A%2F%2Fwww.w3.org%2F2000%2Fsvg%27%20width%3D%27400%27%20height%3D%27267%27%20viewBox%3D%270%200%20400%20267%27%3E%3Crect%20width%3D%27400%27%20height%3D%27267%27%20fill-opacity%3D%220%22%2F%3E%3C%2Fsvg%3E\" data-orig-src=\"https:\/\/andreibarseanu.ro\/wp-content\/uploads\/2026\/03\/oeweek4.webp\" data-srcset=\"https:\/\/andreibarseanu.ro\/wp-content\/uploads\/2026\/03\/oeweek4-18x12.webp 18w, https:\/\/andreibarseanu.ro\/wp-content\/uploads\/2026\/03\/oeweek4-200x134.webp 200w, https:\/\/andreibarseanu.ro\/wp-content\/uploads\/2026\/03\/oeweek4-300x200.webp 300w, https:\/\/andreibarseanu.ro\/wp-content\/uploads\/2026\/03\/oeweek4.webp 400w\" data-sizes=\"auto\" \/>\t\t\t<\/a>\n\t\t\t\t\t\t\t<\/div>\n<\/div><div class=\"fusion-title title fusion-title-11 fusion-sep-none fusion-title-text fusion-title-size-paragraph\" style=\"--awb-margin-top:20px;--awb-margin-right:10px;--awb-margin-bottom:0px;--awb-margin-left:10px;--awb-margin-left-small:10px;--awb-link-color:var(--awb-color8);--awb-font-size:19px;\"><p class=\"fusion-title-heading title-heading-left title-heading-tag\" style=\"margin:0;font-size:1em;text-transform:none;\"><a href=\"https:\/\/andreibarseanu.ro\/hu\/saptamana-educatiei-deschise-open-education-week-oew-2026\/\" class=\"awb-custom-text-color awb-custom-text-hover-color\" target=\"_self\">S\u0103pt\u0103m\u00e2na Educa\u021biei Deschise \/ Open Education Week (OEW) 2026<\/a><\/p><\/div><\/div><\/li>\n<li class=\"fusion-layout-column fusion_builder_column fusion-builder-column-13 fusion-flex-column post-card fusion-grid-column fusion-post-cards-grid-column\" style=\"--awb-bg-blend:overlay;--awb-bg-size:cover;\"><div class=\"fusion-column-wrapper fusion-flex-justify-content-flex-start fusion-content-layout-column\"><div class=\"fusion-classic-product-image-wrapper fusion-woo-product-image fusion-post-card-image fusion-post-card-image-1\" data-layout=\"static\" style=\"--awb-border-radius-top-left:10px;--awb-border-radius-top-right:10px;--awb-border-radius-bottom-right:10px;--awb-border-radius-bottom-left:10px;\"><div  class=\"fusion-image-wrapper\" aria-haspopup=\"true\">\n\t\t\t\t\t\t\t<a href=\"https:\/\/andreibarseanu.ro\/hu\/ziua-europeana-a-numarului-unic-de-urgenta-112-european-112-day-2026\/\" aria-label=\"Ziua european\u0103 a num\u0103rului unic de urgen\u021b\u0103 112 (European 112 Day) 2026\">\n\t\t\t\t\t\t\t<img decoding=\"async\" width=\"400\" height=\"267\" src=\"https:\/\/andreibarseanu.ro\/wp-content\/uploads\/2026\/02\/1123.webp\" class=\"attachment-full size-full lazyload wp-post-image\" alt=\"\" srcset=\"data:image\/svg+xml,%3Csvg%20xmlns%3D%27http%3A%2F%2Fwww.w3.org%2F2000%2Fsvg%27%20width%3D%27400%27%20height%3D%27267%27%20viewBox%3D%270%200%20400%20267%27%3E%3Crect%20width%3D%27400%27%20height%3D%27267%27%20fill-opacity%3D%220%22%2F%3E%3C%2Fsvg%3E\" data-orig-src=\"https:\/\/andreibarseanu.ro\/wp-content\/uploads\/2026\/02\/1123.webp\" data-srcset=\"https:\/\/andreibarseanu.ro\/wp-content\/uploads\/2026\/02\/1123-18x12.webp 18w, https:\/\/andreibarseanu.ro\/wp-content\/uploads\/2026\/02\/1123-200x134.webp 200w, https:\/\/andreibarseanu.ro\/wp-content\/uploads\/2026\/02\/1123-300x200.webp 300w, https:\/\/andreibarseanu.ro\/wp-content\/uploads\/2026\/02\/1123.webp 400w\" data-sizes=\"auto\" \/>\t\t\t<\/a>\n\t\t\t\t\t\t\t<\/div>\n<\/div><div class=\"fusion-title title fusion-title-12 fusion-sep-none fusion-title-text fusion-title-size-paragraph\" style=\"--awb-margin-top:20px;--awb-margin-right:10px;--awb-margin-bottom:0px;--awb-margin-left:10px;--awb-margin-left-small:10px;--awb-link-color:var(--awb-color8);--awb-font-size:19px;\"><p class=\"fusion-title-heading title-heading-left title-heading-tag\" style=\"margin:0;font-size:1em;text-transform:none;\"><a href=\"https:\/\/andreibarseanu.ro\/hu\/ziua-europeana-a-numarului-unic-de-urgenta-112-european-112-day-2026\/\" class=\"awb-custom-text-color awb-custom-text-hover-color\" target=\"_self\">Ziua european\u0103 a num\u0103rului unic de urgen\u021b\u0103 112 (European 112 Day) 2026<\/a><\/p><\/div><\/div><\/li>\n<li class=\"fusion-layout-column fusion_builder_column fusion-builder-column-14 fusion-flex-column post-card fusion-grid-column fusion-post-cards-grid-column\" style=\"--awb-bg-blend:overlay;--awb-bg-size:cover;\"><div class=\"fusion-column-wrapper fusion-flex-justify-content-flex-start fusion-content-layout-column\"><div class=\"fusion-classic-product-image-wrapper fusion-woo-product-image fusion-post-card-image fusion-post-card-image-1\" data-layout=\"static\" style=\"--awb-border-radius-top-left:10px;--awb-border-radius-top-right:10px;--awb-border-radius-bottom-right:10px;--awb-border-radius-bottom-left:10px;\"><div  class=\"fusion-image-wrapper\" aria-haspopup=\"true\">\n\t\t\t\t\t\t\t<a href=\"https:\/\/andreibarseanu.ro\/hu\/ziua-sigurantei-pe-internet-safer-internet-day-2026\/\" aria-label=\"Ziua Siguran\u021bei pe Internet (Safer Internet Day) 2026\">\n\t\t\t\t\t\t\t<img decoding=\"async\" width=\"400\" height=\"267\" src=\"https:\/\/andreibarseanu.ro\/wp-content\/uploads\/2026\/02\/sid2026.webp\" class=\"attachment-full size-full lazyload wp-post-image\" alt=\"\" srcset=\"data:image\/svg+xml,%3Csvg%20xmlns%3D%27http%3A%2F%2Fwww.w3.org%2F2000%2Fsvg%27%20width%3D%27400%27%20height%3D%27267%27%20viewBox%3D%270%200%20400%20267%27%3E%3Crect%20width%3D%27400%27%20height%3D%27267%27%20fill-opacity%3D%220%22%2F%3E%3C%2Fsvg%3E\" data-orig-src=\"https:\/\/andreibarseanu.ro\/wp-content\/uploads\/2026\/02\/sid2026.webp\" data-srcset=\"https:\/\/andreibarseanu.ro\/wp-content\/uploads\/2026\/02\/sid2026-18x12.webp 18w, https:\/\/andreibarseanu.ro\/wp-content\/uploads\/2026\/02\/sid2026-200x134.webp 200w, https:\/\/andreibarseanu.ro\/wp-content\/uploads\/2026\/02\/sid2026-300x200.webp 300w, https:\/\/andreibarseanu.ro\/wp-content\/uploads\/2026\/02\/sid2026.webp 400w\" data-sizes=\"auto\" \/>\t\t\t<\/a>\n\t\t\t\t\t\t\t<\/div>\n<\/div><div class=\"fusion-title title fusion-title-13 fusion-sep-none fusion-title-text fusion-title-size-paragraph\" style=\"--awb-margin-top:20px;--awb-margin-right:10px;--awb-margin-bottom:0px;--awb-margin-left:10px;--awb-margin-left-small:10px;--awb-link-color:var(--awb-color8);--awb-font-size:19px;\"><p class=\"fusion-title-heading title-heading-left title-heading-tag\" style=\"margin:0;font-size:1em;text-transform:none;\"><a href=\"https:\/\/andreibarseanu.ro\/hu\/ziua-sigurantei-pe-internet-safer-internet-day-2026\/\" class=\"awb-custom-text-color awb-custom-text-hover-color\" target=\"_self\">Ziua Siguran\u021bei pe Internet (Safer Internet Day) 2026<\/a><\/p><\/div><\/div><\/li>\n<li class=\"fusion-layout-column fusion_builder_column fusion-builder-column-15 fusion-flex-column post-card fusion-grid-column fusion-post-cards-grid-column\" style=\"--awb-bg-blend:overlay;--awb-bg-size:cover;\"><div class=\"fusion-column-wrapper fusion-flex-justify-content-flex-start fusion-content-layout-column\"><div class=\"fusion-classic-product-image-wrapper fusion-woo-product-image fusion-post-card-image fusion-post-card-image-1\" data-layout=\"static\" style=\"--awb-border-radius-top-left:10px;--awb-border-radius-top-right:10px;--awb-border-radius-bottom-right:10px;--awb-border-radius-bottom-left:10px;\"><div  class=\"fusion-image-wrapper\" aria-haspopup=\"true\">\n\t\t\t\t\t\t\t<a href=\"https:\/\/andreibarseanu.ro\/hu\/ziua-internationala-a-nonviolentei-in-scoala-international-school-day-of-non-violence-and-peace-2026\/\" aria-label=\"Ziua interna\u021bional\u0103 a nonviolen\u021bei \u00een \u0219coal\u0103 (International School Day of Non Violence and Peace) 2026\">\n\t\t\t\t\t\t\t<img decoding=\"async\" width=\"400\" height=\"267\" src=\"https:\/\/andreibarseanu.ro\/wp-content\/uploads\/2026\/01\/nonv2.webp\" class=\"attachment-full size-full lazyload wp-post-image\" alt=\"\" srcset=\"data:image\/svg+xml,%3Csvg%20xmlns%3D%27http%3A%2F%2Fwww.w3.org%2F2000%2Fsvg%27%20width%3D%27400%27%20height%3D%27267%27%20viewBox%3D%270%200%20400%20267%27%3E%3Crect%20width%3D%27400%27%20height%3D%27267%27%20fill-opacity%3D%220%22%2F%3E%3C%2Fsvg%3E\" data-orig-src=\"https:\/\/andreibarseanu.ro\/wp-content\/uploads\/2026\/01\/nonv2.webp\" data-srcset=\"https:\/\/andreibarseanu.ro\/wp-content\/uploads\/2026\/01\/nonv2-18x12.webp 18w, https:\/\/andreibarseanu.ro\/wp-content\/uploads\/2026\/01\/nonv2-200x134.webp 200w, https:\/\/andreibarseanu.ro\/wp-content\/uploads\/2026\/01\/nonv2-300x200.webp 300w, https:\/\/andreibarseanu.ro\/wp-content\/uploads\/2026\/01\/nonv2.webp 400w\" data-sizes=\"auto\" \/>\t\t\t<\/a>\n\t\t\t\t\t\t\t<\/div>\n<\/div><div class=\"fusion-title title fusion-title-14 fusion-sep-none fusion-title-text fusion-title-size-paragraph\" style=\"--awb-margin-top:20px;--awb-margin-right:10px;--awb-margin-bottom:0px;--awb-margin-left:10px;--awb-margin-left-small:10px;--awb-link-color:var(--awb-color8);--awb-font-size:19px;\"><p class=\"fusion-title-heading title-heading-left title-heading-tag\" style=\"margin:0;font-size:1em;text-transform:none;\"><a href=\"https:\/\/andreibarseanu.ro\/hu\/ziua-internationala-a-nonviolentei-in-scoala-international-school-day-of-non-violence-and-peace-2026\/\" class=\"awb-custom-text-color awb-custom-text-hover-color\" target=\"_self\">Ziua interna\u021bional\u0103 a nonviolen\u021bei \u00een \u0219coal\u0103 (International School Day of Non Violence and Peace) 2026<\/a><\/p><\/div><\/div><\/li>\n<li class=\"fusion-layout-column fusion_builder_column fusion-builder-column-16 fusion-flex-column post-card fusion-grid-column fusion-post-cards-grid-column\" style=\"--awb-bg-blend:overlay;--awb-bg-size:cover;\"><div class=\"fusion-column-wrapper fusion-flex-justify-content-flex-start fusion-content-layout-column\"><div class=\"fusion-classic-product-image-wrapper fusion-woo-product-image fusion-post-card-image fusion-post-card-image-1\" data-layout=\"static\" style=\"--awb-border-radius-top-left:10px;--awb-border-radius-top-right:10px;--awb-border-radius-bottom-right:10px;--awb-border-radius-bottom-left:10px;\"><div  class=\"fusion-image-wrapper\" aria-haspopup=\"true\">\n\t\t\t\t\t\t\t<a href=\"https:\/\/andreibarseanu.ro\/hu\/ziua-europeana-a-protectiei-datelor-european-data-protection-day-2026\/\" aria-label=\"Ziua European\u0103 a Protec\u021biei Datelor\/ European Data Protection Day 2026\">\n\t\t\t\t\t\t\t<img decoding=\"async\" width=\"400\" height=\"267\" src=\"https:\/\/andreibarseanu.ro\/wp-content\/uploads\/2026\/01\/ans2.webp\" class=\"attachment-full size-full lazyload wp-post-image\" alt=\"\" srcset=\"data:image\/svg+xml,%3Csvg%20xmlns%3D%27http%3A%2F%2Fwww.w3.org%2F2000%2Fsvg%27%20width%3D%27400%27%20height%3D%27267%27%20viewBox%3D%270%200%20400%20267%27%3E%3Crect%20width%3D%27400%27%20height%3D%27267%27%20fill-opacity%3D%220%22%2F%3E%3C%2Fsvg%3E\" data-orig-src=\"https:\/\/andreibarseanu.ro\/wp-content\/uploads\/2026\/01\/ans2.webp\" data-srcset=\"https:\/\/andreibarseanu.ro\/wp-content\/uploads\/2026\/01\/ans2-18x12.webp 18w, https:\/\/andreibarseanu.ro\/wp-content\/uploads\/2026\/01\/ans2-200x134.webp 200w, https:\/\/andreibarseanu.ro\/wp-content\/uploads\/2026\/01\/ans2-300x200.webp 300w, https:\/\/andreibarseanu.ro\/wp-content\/uploads\/2026\/01\/ans2.webp 400w\" data-sizes=\"auto\" \/>\t\t\t<\/a>\n\t\t\t\t\t\t\t<\/div>\n<\/div><div class=\"fusion-title title fusion-title-15 fusion-sep-none fusion-title-text fusion-title-size-paragraph\" style=\"--awb-margin-top:20px;--awb-margin-right:10px;--awb-margin-bottom:0px;--awb-margin-left:10px;--awb-margin-left-small:10px;--awb-link-color:var(--awb-color8);--awb-font-size:19px;\"><p class=\"fusion-title-heading title-heading-left title-heading-tag\" style=\"margin:0;font-size:1em;text-transform:none;\"><a href=\"https:\/\/andreibarseanu.ro\/hu\/ziua-europeana-a-protectiei-datelor-european-data-protection-day-2026\/\" class=\"awb-custom-text-color awb-custom-text-hover-color\" target=\"_self\">Ziua European\u0103 a Protec\u021biei Datelor\/ European Data Protection Day 2026<\/a><\/p><\/div><\/div><\/li>\n<li class=\"fusion-layout-column fusion_builder_column fusion-builder-column-17 fusion-flex-column post-card fusion-grid-column fusion-post-cards-grid-column\" style=\"--awb-bg-blend:overlay;--awb-bg-size:cover;\"><div class=\"fusion-column-wrapper fusion-flex-justify-content-flex-start fusion-content-layout-column\"><div class=\"fusion-classic-product-image-wrapper fusion-woo-product-image fusion-post-card-image fusion-post-card-image-1\" data-layout=\"static\" style=\"--awb-border-radius-top-left:10px;--awb-border-radius-top-right:10px;--awb-border-radius-bottom-right:10px;--awb-border-radius-bottom-left:10px;\"><div  class=\"fusion-image-wrapper\" aria-haspopup=\"true\">\n\t\t\t\t\t\t\t<a href=\"https:\/\/andreibarseanu.ro\/hu\/ziua-internationala-a-educatiei-international-day-of-education-2026\/\" aria-label=\"Ziua Interna\u021bional\u0103 a Educa\u021biei (International Day of Education) 2026\">\n\t\t\t\t\t\t\t<img decoding=\"async\" width=\"400\" height=\"267\" src=\"https:\/\/andreibarseanu.ro\/wp-content\/uploads\/2026\/01\/ied.jpg\" class=\"attachment-full size-full lazyload wp-post-image\" alt=\"\" srcset=\"data:image\/svg+xml,%3Csvg%20xmlns%3D%27http%3A%2F%2Fwww.w3.org%2F2000%2Fsvg%27%20width%3D%27400%27%20height%3D%27267%27%20viewBox%3D%270%200%20400%20267%27%3E%3Crect%20width%3D%27400%27%20height%3D%27267%27%20fill-opacity%3D%220%22%2F%3E%3C%2Fsvg%3E\" data-orig-src=\"https:\/\/andreibarseanu.ro\/wp-content\/uploads\/2026\/01\/ied.jpg\" data-srcset=\"https:\/\/andreibarseanu.ro\/wp-content\/uploads\/2026\/01\/ied-200x134.jpg 200w, https:\/\/andreibarseanu.ro\/wp-content\/uploads\/2026\/01\/ied.jpg 400w\" data-sizes=\"auto\" \/>\t\t\t<\/a>\n\t\t\t\t\t\t\t<\/div>\n<\/div><div class=\"fusion-title title fusion-title-16 fusion-sep-none fusion-title-text fusion-title-size-paragraph\" style=\"--awb-margin-top:20px;--awb-margin-right:10px;--awb-margin-bottom:0px;--awb-margin-left:10px;--awb-margin-left-small:10px;--awb-link-color:var(--awb-color8);--awb-font-size:19px;\"><p class=\"fusion-title-heading title-heading-left title-heading-tag\" style=\"margin:0;font-size:1em;text-transform:none;\"><a href=\"https:\/\/andreibarseanu.ro\/hu\/ziua-internationala-a-educatiei-international-day-of-education-2026\/\" class=\"awb-custom-text-color awb-custom-text-hover-color\" target=\"_self\">Ziua Interna\u021bional\u0103 a Educa\u021biei (International Day of Education) 2026<\/a><\/p><\/div><\/div><\/li>\n<li class=\"fusion-layout-column fusion_builder_column fusion-builder-column-18 fusion-flex-column post-card fusion-grid-column fusion-post-cards-grid-column\" style=\"--awb-bg-blend:overlay;--awb-bg-size:cover;\"><div class=\"fusion-column-wrapper fusion-flex-justify-content-flex-start fusion-content-layout-column\"><div class=\"fusion-classic-product-image-wrapper fusion-woo-product-image fusion-post-card-image fusion-post-card-image-1\" data-layout=\"static\" style=\"--awb-border-radius-top-left:10px;--awb-border-radius-top-right:10px;--awb-border-radius-bottom-right:10px;--awb-border-radius-bottom-left:10px;\"><div  class=\"fusion-image-wrapper\" aria-haspopup=\"true\">\n\t\t\t\t\t\t\t<a href=\"https:\/\/andreibarseanu.ro\/hu\/ziua-drepturilor-omului-human-rights-day-2025\/\" aria-label=\"Ziua Drepturilor Omului\u00a0(Human Rights Day) 2025\">\n\t\t\t\t\t\t\t<img decoding=\"async\" width=\"400\" height=\"267\" src=\"https:\/\/andreibarseanu.ro\/wp-content\/uploads\/2025\/12\/hn-banner.jpg\" class=\"attachment-full size-full lazyload wp-post-image\" alt=\"\" srcset=\"data:image\/svg+xml,%3Csvg%20xmlns%3D%27http%3A%2F%2Fwww.w3.org%2F2000%2Fsvg%27%20width%3D%27400%27%20height%3D%27267%27%20viewBox%3D%270%200%20400%20267%27%3E%3Crect%20width%3D%27400%27%20height%3D%27267%27%20fill-opacity%3D%220%22%2F%3E%3C%2Fsvg%3E\" data-orig-src=\"https:\/\/andreibarseanu.ro\/wp-content\/uploads\/2025\/12\/hn-banner.jpg\" data-srcset=\"https:\/\/andreibarseanu.ro\/wp-content\/uploads\/2025\/12\/hn-banner-200x134.jpg 200w, https:\/\/andreibarseanu.ro\/wp-content\/uploads\/2025\/12\/hn-banner.jpg 400w\" data-sizes=\"auto\" \/>\t\t\t<\/a>\n\t\t\t\t\t\t\t<\/div>\n<\/div><div class=\"fusion-title title fusion-title-17 fusion-sep-none fusion-title-text fusion-title-size-paragraph\" style=\"--awb-margin-top:20px;--awb-margin-right:10px;--awb-margin-bottom:0px;--awb-margin-left:10px;--awb-margin-left-small:10px;--awb-link-color:var(--awb-color8);--awb-font-size:19px;\"><p class=\"fusion-title-heading title-heading-left title-heading-tag\" style=\"margin:0;font-size:1em;text-transform:none;\"><a href=\"https:\/\/andreibarseanu.ro\/hu\/ziua-drepturilor-omului-human-rights-day-2025\/\" class=\"awb-custom-text-color awb-custom-text-hover-color\" target=\"_self\">Ziua Drepturilor Omului\u00a0(Human Rights Day) 2025<\/a><\/p><\/div><\/div><\/li>\n<li class=\"fusion-layout-column fusion_builder_column fusion-builder-column-19 fusion-flex-column post-card fusion-grid-column fusion-post-cards-grid-column\" style=\"--awb-bg-blend:overlay;--awb-bg-size:cover;\"><div class=\"fusion-column-wrapper fusion-flex-justify-content-flex-start fusion-content-layout-column\"><div class=\"fusion-classic-product-image-wrapper fusion-woo-product-image fusion-post-card-image fusion-post-card-image-1\" data-layout=\"static\" style=\"--awb-border-radius-top-left:10px;--awb-border-radius-top-right:10px;--awb-border-radius-bottom-right:10px;--awb-border-radius-bottom-left:10px;\"><div  class=\"fusion-image-wrapper\" aria-haspopup=\"true\">\n\t\t\t\t\t\t\t<a href=\"https:\/\/andreibarseanu.ro\/hu\/ora-inteligentei-artificiale-hour-of-ai-2025\/\" aria-label=\"Ora Inteligen\u021bei Artificiale (Hour of AI) 2025\">\n\t\t\t\t\t\t\t<img decoding=\"async\" width=\"400\" height=\"267\" src=\"https:\/\/andreibarseanu.ro\/wp-content\/uploads\/2025\/12\/oraai.jpg\" class=\"attachment-full size-full lazyload wp-post-image\" alt=\"\" srcset=\"data:image\/svg+xml,%3Csvg%20xmlns%3D%27http%3A%2F%2Fwww.w3.org%2F2000%2Fsvg%27%20width%3D%27400%27%20height%3D%27267%27%20viewBox%3D%270%200%20400%20267%27%3E%3Crect%20width%3D%27400%27%20height%3D%27267%27%20fill-opacity%3D%220%22%2F%3E%3C%2Fsvg%3E\" data-orig-src=\"https:\/\/andreibarseanu.ro\/wp-content\/uploads\/2025\/12\/oraai.jpg\" data-srcset=\"https:\/\/andreibarseanu.ro\/wp-content\/uploads\/2025\/12\/oraai-200x134.jpg 200w, https:\/\/andreibarseanu.ro\/wp-content\/uploads\/2025\/12\/oraai.jpg 400w\" data-sizes=\"auto\" \/>\t\t\t<\/a>\n\t\t\t\t\t\t\t<\/div>\n<\/div><div class=\"fusion-title title fusion-title-18 fusion-sep-none fusion-title-text fusion-title-size-paragraph\" style=\"--awb-margin-top:20px;--awb-margin-right:10px;--awb-margin-bottom:0px;--awb-margin-left:10px;--awb-margin-left-small:10px;--awb-link-color:var(--awb-color8);--awb-font-size:19px;\"><p class=\"fusion-title-heading title-heading-left title-heading-tag\" style=\"margin:0;font-size:1em;text-transform:none;\"><a href=\"https:\/\/andreibarseanu.ro\/hu\/ora-inteligentei-artificiale-hour-of-ai-2025\/\" class=\"awb-custom-text-color awb-custom-text-hover-color\" target=\"_self\">Ora Inteligen\u021bei Artificiale (Hour of AI) 2025<\/a><\/p><\/div><\/div><\/li>\n<li class=\"fusion-layout-column fusion_builder_column fusion-builder-column-20 fusion-flex-column post-card fusion-grid-column fusion-post-cards-grid-column\" style=\"--awb-bg-blend:overlay;--awb-bg-size:cover;\"><div class=\"fusion-column-wrapper fusion-flex-justify-content-flex-start fusion-content-layout-column\"><div class=\"fusion-classic-product-image-wrapper fusion-woo-product-image fusion-post-card-image fusion-post-card-image-1\" data-layout=\"static\" style=\"--awb-border-radius-top-left:10px;--awb-border-radius-top-right:10px;--awb-border-radius-bottom-right:10px;--awb-border-radius-bottom-left:10px;\"><div  class=\"fusion-image-wrapper\" aria-haspopup=\"true\">\n\t\t\t\t\t\t\t<a href=\"https:\/\/andreibarseanu.ro\/hu\/campania-celor-16-zile-de-activism-impotriva-violentei-2025\/\" aria-label=\"Campania celor 16 zile de activism \u00eempotriva violen\u021bei 2025\">\n\t\t\t\t\t\t\t<img decoding=\"async\" width=\"400\" height=\"267\" src=\"https:\/\/andreibarseanu.ro\/wp-content\/uploads\/2025\/12\/16.jpg\" class=\"attachment-full size-full lazyload wp-post-image\" alt=\"\" srcset=\"data:image\/svg+xml,%3Csvg%20xmlns%3D%27http%3A%2F%2Fwww.w3.org%2F2000%2Fsvg%27%20width%3D%27400%27%20height%3D%27267%27%20viewBox%3D%270%200%20400%20267%27%3E%3Crect%20width%3D%27400%27%20height%3D%27267%27%20fill-opacity%3D%220%22%2F%3E%3C%2Fsvg%3E\" data-orig-src=\"https:\/\/andreibarseanu.ro\/wp-content\/uploads\/2025\/12\/16.jpg\" data-srcset=\"https:\/\/andreibarseanu.ro\/wp-content\/uploads\/2025\/12\/16-200x134.jpg 200w, https:\/\/andreibarseanu.ro\/wp-content\/uploads\/2025\/12\/16.jpg 400w\" data-sizes=\"auto\" \/>\t\t\t<\/a>\n\t\t\t\t\t\t\t<\/div>\n<\/div><div class=\"fusion-title title fusion-title-19 fusion-sep-none fusion-title-text fusion-title-size-paragraph\" style=\"--awb-margin-top:20px;--awb-margin-right:10px;--awb-margin-bottom:0px;--awb-margin-left:10px;--awb-margin-left-small:10px;--awb-link-color:var(--awb-color8);--awb-font-size:19px;\"><p class=\"fusion-title-heading title-heading-left title-heading-tag\" style=\"margin:0;font-size:1em;text-transform:none;\"><a href=\"https:\/\/andreibarseanu.ro\/hu\/campania-celor-16-zile-de-activism-impotriva-violentei-2025\/\" class=\"awb-custom-text-color awb-custom-text-hover-color\" target=\"_self\">Campania celor 16 zile de activism \u00eempotriva violen\u021bei 2025<\/a><\/p><\/div><\/div><\/li>\n<li class=\"fusion-layout-column fusion_builder_column fusion-builder-column-21 fusion-flex-column post-card fusion-grid-column fusion-post-cards-grid-column\" style=\"--awb-bg-blend:overlay;--awb-bg-size:cover;\"><div class=\"fusion-column-wrapper fusion-flex-justify-content-flex-start fusion-content-layout-column\"><div class=\"fusion-classic-product-image-wrapper fusion-woo-product-image fusion-post-card-image fusion-post-card-image-1\" data-layout=\"static\" style=\"--awb-border-radius-top-left:10px;--awb-border-radius-top-right:10px;--awb-border-radius-bottom-right:10px;--awb-border-radius-bottom-left:10px;\"><div  class=\"fusion-image-wrapper\" aria-haspopup=\"true\">\n\t\t\t\t\t\t\t<a href=\"https:\/\/andreibarseanu.ro\/hu\/ziua-mondiala-a-toaletei-2025\/\" aria-label=\"Ziua Mondial\u0103 a Toaletei 2025\">\n\t\t\t\t\t\t\t<img decoding=\"async\" width=\"400\" height=\"267\" src=\"https:\/\/andreibarseanu.ro\/wp-content\/uploads\/2025\/11\/wtd.jpg\" class=\"attachment-full size-full lazyload wp-post-image\" alt=\"\" srcset=\"data:image\/svg+xml,%3Csvg%20xmlns%3D%27http%3A%2F%2Fwww.w3.org%2F2000%2Fsvg%27%20width%3D%27400%27%20height%3D%27267%27%20viewBox%3D%270%200%20400%20267%27%3E%3Crect%20width%3D%27400%27%20height%3D%27267%27%20fill-opacity%3D%220%22%2F%3E%3C%2Fsvg%3E\" data-orig-src=\"https:\/\/andreibarseanu.ro\/wp-content\/uploads\/2025\/11\/wtd.jpg\" data-srcset=\"https:\/\/andreibarseanu.ro\/wp-content\/uploads\/2025\/11\/wtd-200x134.jpg 200w, https:\/\/andreibarseanu.ro\/wp-content\/uploads\/2025\/11\/wtd.jpg 400w\" data-sizes=\"auto\" \/>\t\t\t<\/a>\n\t\t\t\t\t\t\t<\/div>\n<\/div><div class=\"fusion-title title fusion-title-20 fusion-sep-none fusion-title-text fusion-title-size-paragraph\" style=\"--awb-margin-top:20px;--awb-margin-right:10px;--awb-margin-bottom:0px;--awb-margin-left:10px;--awb-margin-left-small:10px;--awb-link-color:var(--awb-color8);--awb-font-size:19px;\"><p class=\"fusion-title-heading title-heading-left title-heading-tag\" style=\"margin:0;font-size:1em;text-transform:none;\"><a href=\"https:\/\/andreibarseanu.ro\/hu\/ziua-mondiala-a-toaletei-2025\/\" class=\"awb-custom-text-color awb-custom-text-hover-color\" target=\"_self\">Ziua Mondial\u0103 a Toaletei 2025<\/a><\/p><\/div><\/div><\/li>\n<li class=\"fusion-layout-column fusion_builder_column fusion-builder-column-22 fusion-flex-column post-card fusion-grid-column fusion-post-cards-grid-column\" style=\"--awb-bg-blend:overlay;--awb-bg-size:cover;\"><div class=\"fusion-column-wrapper fusion-flex-justify-content-flex-start fusion-content-layout-column\"><div class=\"fusion-classic-product-image-wrapper fusion-woo-product-image fusion-post-card-image fusion-post-card-image-1\" data-layout=\"static\" style=\"--awb-border-radius-top-left:10px;--awb-border-radius-top-right:10px;--awb-border-radius-bottom-right:10px;--awb-border-radius-bottom-left:10px;\"><div  class=\"fusion-image-wrapper\" aria-haspopup=\"true\">\n\t\t\t\t\t\t\t<a href=\"https:\/\/andreibarseanu.ro\/hu\/saptamana-educatiei-globale-global-education-week-gew-2025\/\" aria-label=\"S\u0103pt\u0103m\u00e2na Educa\u021biei Globale (Global Education Week) GEW 2025\">\n\t\t\t\t\t\t\t<img decoding=\"async\" width=\"400\" height=\"267\" src=\"https:\/\/andreibarseanu.ro\/wp-content\/uploads\/2025\/11\/campanie.jpg\" class=\"attachment-full size-full lazyload wp-post-image\" alt=\"\" srcset=\"data:image\/svg+xml,%3Csvg%20xmlns%3D%27http%3A%2F%2Fwww.w3.org%2F2000%2Fsvg%27%20width%3D%27400%27%20height%3D%27267%27%20viewBox%3D%270%200%20400%20267%27%3E%3Crect%20width%3D%27400%27%20height%3D%27267%27%20fill-opacity%3D%220%22%2F%3E%3C%2Fsvg%3E\" data-orig-src=\"https:\/\/andreibarseanu.ro\/wp-content\/uploads\/2025\/11\/campanie.jpg\" data-srcset=\"https:\/\/andreibarseanu.ro\/wp-content\/uploads\/2025\/11\/campanie-200x134.jpg 200w, https:\/\/andreibarseanu.ro\/wp-content\/uploads\/2025\/11\/campanie.jpg 400w\" data-sizes=\"auto\" \/>\t\t\t<\/a>\n\t\t\t\t\t\t\t<\/div>\n<\/div><div class=\"fusion-title title fusion-title-21 fusion-sep-none fusion-title-text fusion-title-size-paragraph\" style=\"--awb-margin-top:20px;--awb-margin-right:10px;--awb-margin-bottom:0px;--awb-margin-left:10px;--awb-margin-left-small:10px;--awb-link-color:var(--awb-color8);--awb-font-size:19px;\"><p class=\"fusion-title-heading title-heading-left title-heading-tag\" style=\"margin:0;font-size:1em;text-transform:none;\"><a href=\"https:\/\/andreibarseanu.ro\/hu\/saptamana-educatiei-globale-global-education-week-gew-2025\/\" class=\"awb-custom-text-color awb-custom-text-hover-color\" target=\"_self\">S\u0103pt\u0103m\u00e2na Educa\u021biei Globale (Global Education Week) GEW 2025<\/a><\/p><\/div><\/div><\/li>\n<li class=\"fusion-layout-column fusion_builder_column fusion-builder-column-23 fusion-flex-column post-card fusion-grid-column fusion-post-cards-grid-column\" style=\"--awb-bg-blend:overlay;--awb-bg-size:cover;\"><div class=\"fusion-column-wrapper fusion-flex-justify-content-flex-start fusion-content-layout-column\"><div class=\"fusion-classic-product-image-wrapper fusion-woo-product-image fusion-post-card-image fusion-post-card-image-1\" data-layout=\"static\" style=\"--awb-border-radius-top-left:10px;--awb-border-radius-top-right:10px;--awb-border-radius-bottom-right:10px;--awb-border-radius-bottom-left:10px;\"><div  class=\"fusion-image-wrapper\" aria-haspopup=\"true\">\n\t\t\t\t\t\t\t<a href=\"https:\/\/andreibarseanu.ro\/hu\/ziua-organizatiei-natiunilor-unite-onu-24-10-2025\/\" aria-label=\"Ziua Organiza\u021biei Na\u021biunilor Unite (ONU) 24\/10\/2025\">\n\t\t\t\t\t\t\t<img decoding=\"async\" width=\"400\" height=\"267\" src=\"https:\/\/andreibarseanu.ro\/wp-content\/uploads\/2025\/11\/onu.jpg\" class=\"attachment-full size-full lazyload wp-post-image\" alt=\"\" srcset=\"data:image\/svg+xml,%3Csvg%20xmlns%3D%27http%3A%2F%2Fwww.w3.org%2F2000%2Fsvg%27%20width%3D%27400%27%20height%3D%27267%27%20viewBox%3D%270%200%20400%20267%27%3E%3Crect%20width%3D%27400%27%20height%3D%27267%27%20fill-opacity%3D%220%22%2F%3E%3C%2Fsvg%3E\" data-orig-src=\"https:\/\/andreibarseanu.ro\/wp-content\/uploads\/2025\/11\/onu.jpg\" data-srcset=\"https:\/\/andreibarseanu.ro\/wp-content\/uploads\/2025\/11\/onu-200x134.jpg 200w, https:\/\/andreibarseanu.ro\/wp-content\/uploads\/2025\/11\/onu.jpg 400w\" data-sizes=\"auto\" \/>\t\t\t<\/a>\n\t\t\t\t\t\t\t<\/div>\n<\/div><div class=\"fusion-title title fusion-title-22 fusion-sep-none fusion-title-text fusion-title-size-paragraph\" style=\"--awb-margin-top:20px;--awb-margin-right:10px;--awb-margin-bottom:0px;--awb-margin-left:10px;--awb-margin-left-small:10px;--awb-link-color:var(--awb-color8);--awb-font-size:19px;\"><p class=\"fusion-title-heading title-heading-left title-heading-tag\" style=\"margin:0;font-size:1em;text-transform:none;\"><a href=\"https:\/\/andreibarseanu.ro\/hu\/ziua-organizatiei-natiunilor-unite-onu-24-10-2025\/\" class=\"awb-custom-text-color awb-custom-text-hover-color\" target=\"_self\">Ziua Organiza\u021biei Na\u021biunilor Unite (ONU) 24\/10\/2025<\/a><\/p><\/div><\/div><\/li>\n<li class=\"fusion-layout-column fusion_builder_column fusion-builder-column-24 fusion-flex-column post-card fusion-grid-column fusion-post-cards-grid-column\" style=\"--awb-bg-blend:overlay;--awb-bg-size:cover;\"><div class=\"fusion-column-wrapper fusion-flex-justify-content-flex-start fusion-content-layout-column\"><div class=\"fusion-classic-product-image-wrapper fusion-woo-product-image fusion-post-card-image fusion-post-card-image-1\" data-layout=\"static\" style=\"--awb-border-radius-top-left:10px;--awb-border-radius-top-right:10px;--awb-border-radius-bottom-right:10px;--awb-border-radius-bottom-left:10px;\"><div  class=\"fusion-image-wrapper\" aria-haspopup=\"true\">\n\t\t\t\t\t\t\t<a href=\"https:\/\/andreibarseanu.ro\/hu\/ziua-internationala-pentru-reducerea-riscului-de-dezastre-2025\/\" aria-label=\"Ziua interna\u021bional\u0103 pentru Reducerea Riscului de Dezastre 2025\">\n\t\t\t\t\t\t\t<img decoding=\"async\" width=\"400\" height=\"267\" src=\"https:\/\/andreibarseanu.ro\/wp-content\/uploads\/2025\/10\/dezastre2025.jpg\" class=\"attachment-full size-full lazyload wp-post-image\" alt=\"\" srcset=\"data:image\/svg+xml,%3Csvg%20xmlns%3D%27http%3A%2F%2Fwww.w3.org%2F2000%2Fsvg%27%20width%3D%27400%27%20height%3D%27267%27%20viewBox%3D%270%200%20400%20267%27%3E%3Crect%20width%3D%27400%27%20height%3D%27267%27%20fill-opacity%3D%220%22%2F%3E%3C%2Fsvg%3E\" data-orig-src=\"https:\/\/andreibarseanu.ro\/wp-content\/uploads\/2025\/10\/dezastre2025.jpg\" data-srcset=\"https:\/\/andreibarseanu.ro\/wp-content\/uploads\/2025\/10\/dezastre2025-200x134.jpg 200w, https:\/\/andreibarseanu.ro\/wp-content\/uploads\/2025\/10\/dezastre2025.jpg 400w\" data-sizes=\"auto\" \/>\t\t\t<\/a>\n\t\t\t\t\t\t\t<\/div>\n<\/div><div class=\"fusion-title title fusion-title-23 fusion-sep-none fusion-title-text fusion-title-size-paragraph\" style=\"--awb-margin-top:20px;--awb-margin-right:10px;--awb-margin-bottom:0px;--awb-margin-left:10px;--awb-margin-left-small:10px;--awb-link-color:var(--awb-color8);--awb-font-size:19px;\"><p class=\"fusion-title-heading title-heading-left title-heading-tag\" style=\"margin:0;font-size:1em;text-transform:none;\"><a href=\"https:\/\/andreibarseanu.ro\/hu\/ziua-internationala-pentru-reducerea-riscului-de-dezastre-2025\/\" class=\"awb-custom-text-color awb-custom-text-hover-color\" target=\"_self\">Ziua interna\u021bional\u0103 pentru Reducerea Riscului de Dezastre 2025<\/a><\/p><\/div><\/div><\/li>\n<li class=\"fusion-layout-column fusion_builder_column fusion-builder-column-25 fusion-flex-column post-card fusion-grid-column fusion-post-cards-grid-column\" style=\"--awb-bg-blend:overlay;--awb-bg-size:cover;\"><div class=\"fusion-column-wrapper fusion-flex-justify-content-flex-start fusion-content-layout-column\"><div class=\"fusion-classic-product-image-wrapper fusion-woo-product-image fusion-post-card-image fusion-post-card-image-1\" data-layout=\"static\" style=\"--awb-border-radius-top-left:10px;--awb-border-radius-top-right:10px;--awb-border-radius-bottom-right:10px;--awb-border-radius-bottom-left:10px;\"><div  class=\"fusion-image-wrapper\" aria-haspopup=\"true\">\n\t\t\t\t\t\t\t<a href=\"https:\/\/andreibarseanu.ro\/hu\/saptamana-europeana-a-programarii-eu-code-week-2025\/\" aria-label=\"S\u0103pt\u0103m\u00e2na european\u0103 a program\u0103rii (EU Code Week) 2025\">\n\t\t\t\t\t\t\t<img decoding=\"async\" width=\"400\" height=\"267\" src=\"https:\/\/andreibarseanu.ro\/wp-content\/uploads\/2025\/10\/code.jpg\" class=\"attachment-full size-full lazyload wp-post-image\" alt=\"\" srcset=\"data:image\/svg+xml,%3Csvg%20xmlns%3D%27http%3A%2F%2Fwww.w3.org%2F2000%2Fsvg%27%20width%3D%27400%27%20height%3D%27267%27%20viewBox%3D%270%200%20400%20267%27%3E%3Crect%20width%3D%27400%27%20height%3D%27267%27%20fill-opacity%3D%220%22%2F%3E%3C%2Fsvg%3E\" data-orig-src=\"https:\/\/andreibarseanu.ro\/wp-content\/uploads\/2025\/10\/code.jpg\" data-srcset=\"https:\/\/andreibarseanu.ro\/wp-content\/uploads\/2025\/10\/code-200x134.jpg 200w, https:\/\/andreibarseanu.ro\/wp-content\/uploads\/2025\/10\/code.jpg 400w\" data-sizes=\"auto\" \/>\t\t\t<\/a>\n\t\t\t\t\t\t\t<\/div>\n<\/div><div class=\"fusion-title title fusion-title-24 fusion-sep-none fusion-title-text fusion-title-size-paragraph\" style=\"--awb-margin-top:20px;--awb-margin-right:10px;--awb-margin-bottom:0px;--awb-margin-left:10px;--awb-margin-left-small:10px;--awb-link-color:var(--awb-color8);--awb-font-size:19px;\"><p class=\"fusion-title-heading title-heading-left title-heading-tag\" style=\"margin:0;font-size:1em;text-transform:none;\"><a href=\"https:\/\/andreibarseanu.ro\/hu\/saptamana-europeana-a-programarii-eu-code-week-2025\/\" class=\"awb-custom-text-color awb-custom-text-hover-color\" target=\"_self\">S\u0103pt\u0103m\u00e2na european\u0103 a program\u0103rii (EU Code Week) 2025<\/a><\/p><\/div><\/div><\/li>\n<li class=\"fusion-layout-column fusion_builder_column fusion-builder-column-26 fusion-flex-column post-card fusion-grid-column fusion-post-cards-grid-column\" style=\"--awb-bg-blend:overlay;--awb-bg-size:cover;\"><div class=\"fusion-column-wrapper fusion-flex-justify-content-flex-start fusion-content-layout-column\"><div class=\"fusion-classic-product-image-wrapper fusion-woo-product-image fusion-post-card-image fusion-post-card-image-1\" data-layout=\"static\" style=\"--awb-border-radius-top-left:10px;--awb-border-radius-top-right:10px;--awb-border-radius-bottom-right:10px;--awb-border-radius-bottom-left:10px;\"><div  class=\"fusion-image-wrapper\" aria-haspopup=\"true\">\n\t\t\t\t\t\t\t<a href=\"https:\/\/andreibarseanu.ro\/hu\/ziua-europeana-impotriva-traficului-de-persoane-2025\/\" aria-label=\"Ziua European\u0103 \u00cempotriva Traficului de Persoane 2025\">\n\t\t\t\t\t\t\t<img decoding=\"async\" width=\"400\" height=\"267\" src=\"https:\/\/andreibarseanu.ro\/wp-content\/uploads\/2025\/10\/18-oct.jpg\" class=\"attachment-full size-full lazyload wp-post-image\" alt=\"\" srcset=\"data:image\/svg+xml,%3Csvg%20xmlns%3D%27http%3A%2F%2Fwww.w3.org%2F2000%2Fsvg%27%20width%3D%27400%27%20height%3D%27267%27%20viewBox%3D%270%200%20400%20267%27%3E%3Crect%20width%3D%27400%27%20height%3D%27267%27%20fill-opacity%3D%220%22%2F%3E%3C%2Fsvg%3E\" data-orig-src=\"https:\/\/andreibarseanu.ro\/wp-content\/uploads\/2025\/10\/18-oct.jpg\" data-srcset=\"https:\/\/andreibarseanu.ro\/wp-content\/uploads\/2025\/10\/18-oct-200x134.jpg 200w, https:\/\/andreibarseanu.ro\/wp-content\/uploads\/2025\/10\/18-oct.jpg 400w\" data-sizes=\"auto\" \/>\t\t\t<\/a>\n\t\t\t\t\t\t\t<\/div>\n<\/div><div class=\"fusion-title title fusion-title-25 fusion-sep-none fusion-title-text fusion-title-size-paragraph\" style=\"--awb-margin-top:20px;--awb-margin-right:10px;--awb-margin-bottom:0px;--awb-margin-left:10px;--awb-margin-left-small:10px;--awb-link-color:var(--awb-color8);--awb-font-size:19px;\"><p class=\"fusion-title-heading title-heading-left title-heading-tag\" style=\"margin:0;font-size:1em;text-transform:none;\"><a href=\"https:\/\/andreibarseanu.ro\/hu\/ziua-europeana-impotriva-traficului-de-persoane-2025\/\" class=\"awb-custom-text-color awb-custom-text-hover-color\" target=\"_self\">Ziua European\u0103 \u00cempotriva Traficului de Persoane 2025<\/a><\/p><\/div><\/div><\/li>\n<li class=\"fusion-layout-column fusion_builder_column fusion-builder-column-27 fusion-flex-column post-card fusion-grid-column fusion-post-cards-grid-column\" style=\"--awb-bg-blend:overlay;--awb-bg-size:cover;\"><div class=\"fusion-column-wrapper fusion-flex-justify-content-flex-start fusion-content-layout-column\"><div class=\"fusion-classic-product-image-wrapper fusion-woo-product-image fusion-post-card-image fusion-post-card-image-1\" data-layout=\"static\" style=\"--awb-border-radius-top-left:10px;--awb-border-radius-top-right:10px;--awb-border-radius-bottom-right:10px;--awb-border-radius-bottom-left:10px;\"><div  class=\"fusion-image-wrapper\" aria-haspopup=\"true\">\n\t\t\t\t\t\t\t<a href=\"https:\/\/andreibarseanu.ro\/hu\/anunt-burse-2025-2026\/\" aria-label=\"Anun\u0163 Burse 2025-2026\">\n\t\t\t\t\t\t\t<img decoding=\"async\" width=\"576\" height=\"384\" src=\"https:\/\/andreibarseanu.ro\/wp-content\/uploads\/2025\/09\/burse.jpeg\" class=\"attachment-full size-full lazyload wp-post-image\" alt=\"\" srcset=\"data:image\/svg+xml,%3Csvg%20xmlns%3D%27http%3A%2F%2Fwww.w3.org%2F2000%2Fsvg%27%20width%3D%27576%27%20height%3D%27384%27%20viewBox%3D%270%200%20576%20384%27%3E%3Crect%20width%3D%27576%27%20height%3D%27384%27%20fill-opacity%3D%220%22%2F%3E%3C%2Fsvg%3E\" data-orig-src=\"https:\/\/andreibarseanu.ro\/wp-content\/uploads\/2025\/09\/burse.jpeg\" data-srcset=\"https:\/\/andreibarseanu.ro\/wp-content\/uploads\/2025\/09\/burse-200x133.jpeg 200w, https:\/\/andreibarseanu.ro\/wp-content\/uploads\/2025\/09\/burse-400x267.jpeg 400w, https:\/\/andreibarseanu.ro\/wp-content\/uploads\/2025\/09\/burse.jpeg 576w\" data-sizes=\"auto\" \/>\t\t\t<\/a>\n\t\t\t\t\t\t\t<\/div>\n<\/div><div class=\"fusion-title title fusion-title-26 fusion-sep-none fusion-title-text fusion-title-size-paragraph\" style=\"--awb-margin-top:20px;--awb-margin-right:10px;--awb-margin-bottom:0px;--awb-margin-left:10px;--awb-margin-left-small:10px;--awb-link-color:var(--awb-color8);--awb-font-size:19px;\"><p class=\"fusion-title-heading title-heading-left title-heading-tag\" style=\"margin:0;font-size:1em;text-transform:none;\"><a href=\"https:\/\/andreibarseanu.ro\/hu\/anunt-burse-2025-2026\/\" class=\"awb-custom-text-color awb-custom-text-hover-color\" target=\"_self\">Anun\u0163 Burse 2025-2026<\/a><\/p><\/div><\/div><\/li>\n<li class=\"fusion-layout-column fusion_builder_column fusion-builder-column-28 fusion-flex-column post-card fusion-grid-column fusion-post-cards-grid-column\" style=\"--awb-bg-blend:overlay;--awb-bg-size:cover;\"><div class=\"fusion-column-wrapper fusion-flex-justify-content-flex-start fusion-content-layout-column\"><div class=\"fusion-classic-product-image-wrapper fusion-woo-product-image fusion-post-card-image fusion-post-card-image-1\" data-layout=\"static\" style=\"--awb-border-radius-top-left:10px;--awb-border-radius-top-right:10px;--awb-border-radius-bottom-right:10px;--awb-border-radius-bottom-left:10px;\"><div  class=\"fusion-image-wrapper\" aria-haspopup=\"true\">\n\t\t\t\t\t\t\t<a href=\"https:\/\/andreibarseanu.ro\/hu\/structura-anului-scolar-2024-2025\/\" aria-label=\"Structura anului \u0219colar 2024 &#8211; 2025\">\n\t\t\t\t\t\t\t<img decoding=\"async\" width=\"1600\" height=\"1120\" src=\"https:\/\/andreibarseanu.ro\/wp-content\/uploads\/2025\/01\/structura-anului-scolar-2024-2025-1.jpg\" class=\"attachment-full size-full lazyload wp-post-image\" alt=\"\" srcset=\"data:image\/svg+xml,%3Csvg%20xmlns%3D%27http%3A%2F%2Fwww.w3.org%2F2000%2Fsvg%27%20width%3D%271600%27%20height%3D%271120%27%20viewBox%3D%270%200%201600%201120%27%3E%3Crect%20width%3D%271600%27%20height%3D%271120%27%20fill-opacity%3D%220%22%2F%3E%3C%2Fsvg%3E\" data-orig-src=\"https:\/\/andreibarseanu.ro\/wp-content\/uploads\/2025\/01\/structura-anului-scolar-2024-2025-1.jpg\" data-srcset=\"https:\/\/andreibarseanu.ro\/wp-content\/uploads\/2025\/01\/structura-anului-scolar-2024-2025-1-200x140.jpg 200w, https:\/\/andreibarseanu.ro\/wp-content\/uploads\/2025\/01\/structura-anului-scolar-2024-2025-1-400x280.jpg 400w, https:\/\/andreibarseanu.ro\/wp-content\/uploads\/2025\/01\/structura-anului-scolar-2024-2025-1-600x420.jpg 600w, https:\/\/andreibarseanu.ro\/wp-content\/uploads\/2025\/01\/structura-anului-scolar-2024-2025-1-800x560.jpg 800w, https:\/\/andreibarseanu.ro\/wp-content\/uploads\/2025\/01\/structura-anului-scolar-2024-2025-1-1200x840.jpg 1200w, https:\/\/andreibarseanu.ro\/wp-content\/uploads\/2025\/01\/structura-anului-scolar-2024-2025-1.jpg 1600w\" data-sizes=\"auto\" \/>\t\t\t<\/a>\n\t\t\t\t\t\t\t<\/div>\n<\/div><div class=\"fusion-title title fusion-title-27 fusion-sep-none fusion-title-text fusion-title-size-paragraph\" style=\"--awb-margin-top:20px;--awb-margin-right:10px;--awb-margin-bottom:0px;--awb-margin-left:10px;--awb-margin-left-small:10px;--awb-link-color:var(--awb-color8);--awb-font-size:19px;\"><p class=\"fusion-title-heading title-heading-left title-heading-tag\" style=\"margin:0;font-size:1em;text-transform:none;\"><a href=\"https:\/\/andreibarseanu.ro\/hu\/structura-anului-scolar-2024-2025\/\" class=\"awb-custom-text-color awb-custom-text-hover-color\" target=\"_self\">A 2024-2025-\u00f6s tan\u00e9v szerkezete<\/a><\/p><\/div><\/div><\/li>\n<li class=\"fusion-layout-column fusion_builder_column fusion-builder-column-29 fusion-flex-column post-card fusion-grid-column fusion-post-cards-grid-column\" style=\"--awb-bg-blend:overlay;--awb-bg-size:cover;\"><div class=\"fusion-column-wrapper fusion-flex-justify-content-flex-start fusion-content-layout-column\"><div class=\"fusion-classic-product-image-wrapper fusion-woo-product-image fusion-post-card-image fusion-post-card-image-1\" data-layout=\"static\" style=\"--awb-border-radius-top-left:10px;--awb-border-radius-top-right:10px;--awb-border-radius-bottom-right:10px;--awb-border-radius-bottom-left:10px;\"><div  class=\"fusion-image-wrapper\" aria-haspopup=\"true\">\n\t\t\t\t\t\t\t<a href=\"https:\/\/andreibarseanu.ro\/hu\/anunt-burse-2024-2025\/\" aria-label=\"\u00d6szt\u00f6nd\u00edj ki\u00edr\u00e1s 2024-2025\">\n\t\t\t\t\t\t\t<img decoding=\"async\" width=\"650\" height=\"433\" src=\"https:\/\/andreibarseanu.ro\/wp-content\/uploads\/2024\/11\/burse.jpg\" class=\"attachment-full size-full lazyload wp-post-image\" alt=\"\" srcset=\"data:image\/svg+xml,%3Csvg%20xmlns%3D%27http%3A%2F%2Fwww.w3.org%2F2000%2Fsvg%27%20width%3D%27650%27%20height%3D%27433%27%20viewBox%3D%270%200%20650%20433%27%3E%3Crect%20width%3D%27650%27%20height%3D%27433%27%20fill-opacity%3D%220%22%2F%3E%3C%2Fsvg%3E\" data-orig-src=\"https:\/\/andreibarseanu.ro\/wp-content\/uploads\/2024\/11\/burse.jpg\" data-srcset=\"https:\/\/andreibarseanu.ro\/wp-content\/uploads\/2024\/11\/burse-200x133.jpg 200w, https:\/\/andreibarseanu.ro\/wp-content\/uploads\/2024\/11\/burse-400x266.jpg 400w, https:\/\/andreibarseanu.ro\/wp-content\/uploads\/2024\/11\/burse-600x400.jpg 600w, https:\/\/andreibarseanu.ro\/wp-content\/uploads\/2024\/11\/burse.jpg 650w\" data-sizes=\"auto\" \/>\t\t\t<\/a>\n\t\t\t\t\t\t\t<\/div>\n<\/div><div class=\"fusion-title title fusion-title-28 fusion-sep-none fusion-title-text fusion-title-size-paragraph\" style=\"--awb-margin-top:20px;--awb-margin-right:10px;--awb-margin-bottom:0px;--awb-margin-left:10px;--awb-margin-left-small:10px;--awb-link-color:var(--awb-color8);--awb-font-size:19px;\"><p class=\"fusion-title-heading title-heading-left title-heading-tag\" style=\"margin:0;font-size:1em;text-transform:none;\"><a href=\"https:\/\/andreibarseanu.ro\/hu\/anunt-burse-2024-2025\/\" class=\"awb-custom-text-color awb-custom-text-hover-color\" target=\"_self\">\u00d6szt\u00f6nd\u00edj ki\u00edr\u00e1s 2024-2025<\/a><\/p><\/div><\/div><\/li>\n<li class=\"fusion-layout-column fusion_builder_column fusion-builder-column-30 fusion-flex-column post-card fusion-grid-column fusion-post-cards-grid-column\" style=\"--awb-bg-blend:overlay;--awb-bg-size:cover;\"><div class=\"fusion-column-wrapper fusion-flex-justify-content-flex-start fusion-content-layout-column\"><div class=\"fusion-classic-product-image-wrapper fusion-woo-product-image fusion-post-card-image fusion-post-card-image-1\" data-layout=\"static\" style=\"--awb-border-radius-top-left:10px;--awb-border-radius-top-right:10px;--awb-border-radius-bottom-right:10px;--awb-border-radius-bottom-left:10px;\"><div  class=\"fusion-image-wrapper\" aria-haspopup=\"true\">\n\t\t\t\t\t\t\t<a href=\"https:\/\/andreibarseanu.ro\/hu\/fonduri-pentru-romania-moderna-si-reformata\/\" aria-label=\"P\u00e9nzalapok egy modern \u00e9s megreform\u00e1lt Rom\u00e1ni\u00e1nak!\">\n\t\t\t\t\t\t\t<img decoding=\"async\" width=\"650\" height=\"433\" src=\"https:\/\/andreibarseanu.ro\/wp-content\/uploads\/2022\/10\/burse.jpg\" class=\"attachment-full size-full lazyload wp-post-image\" alt=\"\" srcset=\"data:image\/svg+xml,%3Csvg%20xmlns%3D%27http%3A%2F%2Fwww.w3.org%2F2000%2Fsvg%27%20width%3D%27650%27%20height%3D%27433%27%20viewBox%3D%270%200%20650%20433%27%3E%3Crect%20width%3D%27650%27%20height%3D%27433%27%20fill-opacity%3D%220%22%2F%3E%3C%2Fsvg%3E\" data-orig-src=\"https:\/\/andreibarseanu.ro\/wp-content\/uploads\/2022\/10\/burse.jpg\" data-srcset=\"https:\/\/andreibarseanu.ro\/wp-content\/uploads\/2022\/10\/burse-200x133.jpg 200w, https:\/\/andreibarseanu.ro\/wp-content\/uploads\/2022\/10\/burse-400x266.jpg 400w, https:\/\/andreibarseanu.ro\/wp-content\/uploads\/2022\/10\/burse-600x400.jpg 600w, https:\/\/andreibarseanu.ro\/wp-content\/uploads\/2022\/10\/burse.jpg 650w\" data-sizes=\"auto\" \/>\t\t\t<\/a>\n\t\t\t\t\t\t\t<\/div>\n<\/div><div class=\"fusion-title title fusion-title-29 fusion-sep-none fusion-title-text fusion-title-size-paragraph\" style=\"--awb-margin-top:20px;--awb-margin-right:10px;--awb-margin-bottom:0px;--awb-margin-left:10px;--awb-margin-left-small:10px;--awb-link-color:var(--awb-color8);--awb-font-size:19px;\"><p class=\"fusion-title-heading title-heading-left title-heading-tag\" style=\"margin:0;font-size:1em;text-transform:none;\"><a href=\"https:\/\/andreibarseanu.ro\/hu\/fonduri-pentru-romania-moderna-si-reformata\/\" class=\"awb-custom-text-color awb-custom-text-hover-color\" target=\"_self\">P\u00e9nzalapok egy modern \u00e9s megreform\u00e1lt Rom\u00e1ni\u00e1nak!<\/a><\/p><\/div><\/div><\/li>\n<li class=\"fusion-layout-column fusion_builder_column fusion-builder-column-31 fusion-flex-column post-card fusion-grid-column fusion-post-cards-grid-column\" style=\"--awb-bg-blend:overlay;--awb-bg-size:cover;\"><div class=\"fusion-column-wrapper fusion-flex-justify-content-flex-start fusion-content-layout-column\"><div class=\"fusion-classic-product-image-wrapper fusion-woo-product-image fusion-post-card-image fusion-post-card-image-1\" data-layout=\"static\" style=\"--awb-border-radius-top-left:10px;--awb-border-radius-top-right:10px;--awb-border-radius-bottom-right:10px;--awb-border-radius-bottom-left:10px;\"><div  class=\"fusion-image-wrapper\" aria-haspopup=\"true\">\n\t\t\t\t\t\t\t<a href=\"https:\/\/andreibarseanu.ro\/hu\/celebrarea-zilei-internationale-a-accesului-universal-la-informatie\/\" aria-label=\"Az inform\u00e1ci\u00f3hoz val\u00f3 egyetemes hozz\u00e1f\u00e9r\u00e9s nemzetk\u00f6zi napja\">\n\t\t\t\t\t\t\t<img decoding=\"async\" width=\"650\" height=\"433\" src=\"https:\/\/andreibarseanu.ro\/wp-content\/uploads\/2024\/11\/iudai.jpg\" class=\"attachment-full size-full lazyload wp-post-image\" alt=\"\" srcset=\"data:image\/svg+xml,%3Csvg%20xmlns%3D%27http%3A%2F%2Fwww.w3.org%2F2000%2Fsvg%27%20width%3D%27650%27%20height%3D%27433%27%20viewBox%3D%270%200%20650%20433%27%3E%3Crect%20width%3D%27650%27%20height%3D%27433%27%20fill-opacity%3D%220%22%2F%3E%3C%2Fsvg%3E\" data-orig-src=\"https:\/\/andreibarseanu.ro\/wp-content\/uploads\/2024\/11\/iudai.jpg\" data-srcset=\"https:\/\/andreibarseanu.ro\/wp-content\/uploads\/2024\/11\/iudai-200x133.jpg 200w, https:\/\/andreibarseanu.ro\/wp-content\/uploads\/2024\/11\/iudai-400x266.jpg 400w, https:\/\/andreibarseanu.ro\/wp-content\/uploads\/2024\/11\/iudai-600x400.jpg 600w, https:\/\/andreibarseanu.ro\/wp-content\/uploads\/2024\/11\/iudai.jpg 650w\" data-sizes=\"auto\" \/>\t\t\t<\/a>\n\t\t\t\t\t\t\t<\/div>\n<\/div><div class=\"fusion-title title fusion-title-30 fusion-sep-none fusion-title-text fusion-title-size-paragraph\" style=\"--awb-margin-top:20px;--awb-margin-right:10px;--awb-margin-bottom:0px;--awb-margin-left:10px;--awb-margin-left-small:10px;--awb-link-color:var(--awb-color8);--awb-font-size:19px;\"><p class=\"fusion-title-heading title-heading-left title-heading-tag\" style=\"margin:0;font-size:1em;text-transform:none;\"><a href=\"https:\/\/andreibarseanu.ro\/hu\/celebrarea-zilei-internationale-a-accesului-universal-la-informatie\/\" class=\"awb-custom-text-color awb-custom-text-hover-color\" target=\"_self\">Az inform\u00e1ci\u00f3hoz val\u00f3 egyetemes hozz\u00e1f\u00e9r\u00e9s nemzetk\u00f6zi napja<\/a><\/p><\/div><\/div><\/li>\n<li class=\"fusion-layout-column fusion_builder_column fusion-builder-column-32 fusion-flex-column post-card fusion-grid-column fusion-post-cards-grid-column\" style=\"--awb-bg-blend:overlay;--awb-bg-size:cover;\"><div class=\"fusion-column-wrapper fusion-flex-justify-content-flex-start fusion-content-layout-column\"><div class=\"fusion-classic-product-image-wrapper fusion-woo-product-image fusion-post-card-image fusion-post-card-image-1\" data-layout=\"static\" style=\"--awb-border-radius-top-left:10px;--awb-border-radius-top-right:10px;--awb-border-radius-bottom-right:10px;--awb-border-radius-bottom-left:10px;\"><div  class=\"fusion-image-wrapper\" aria-haspopup=\"true\">\n\t\t\t\t\t\t\t<a href=\"https:\/\/andreibarseanu.ro\/hu\/celebrarea-zilei-mondiale-a-turismului\/\" aria-label=\"A Turizmus Vil\u00e1gnapj\u00e1nak meg\u00fcnnepl\u00e9se\">\n\t\t\t\t\t\t\t<img decoding=\"async\" width=\"650\" height=\"433\" src=\"https:\/\/andreibarseanu.ro\/wp-content\/uploads\/2024\/11\/wtd23.jpg\" class=\"attachment-full size-full lazyload wp-post-image\" alt=\"\" srcset=\"data:image\/svg+xml,%3Csvg%20xmlns%3D%27http%3A%2F%2Fwww.w3.org%2F2000%2Fsvg%27%20width%3D%27650%27%20height%3D%27433%27%20viewBox%3D%270%200%20650%20433%27%3E%3Crect%20width%3D%27650%27%20height%3D%27433%27%20fill-opacity%3D%220%22%2F%3E%3C%2Fsvg%3E\" data-orig-src=\"https:\/\/andreibarseanu.ro\/wp-content\/uploads\/2024\/11\/wtd23.jpg\" data-srcset=\"https:\/\/andreibarseanu.ro\/wp-content\/uploads\/2024\/11\/wtd23-200x133.jpg 200w, https:\/\/andreibarseanu.ro\/wp-content\/uploads\/2024\/11\/wtd23-400x266.jpg 400w, https:\/\/andreibarseanu.ro\/wp-content\/uploads\/2024\/11\/wtd23-600x400.jpg 600w, https:\/\/andreibarseanu.ro\/wp-content\/uploads\/2024\/11\/wtd23.jpg 650w\" data-sizes=\"auto\" \/>\t\t\t<\/a>\n\t\t\t\t\t\t\t<\/div>\n<\/div><div class=\"fusion-title title fusion-title-31 fusion-sep-none fusion-title-text fusion-title-size-paragraph\" style=\"--awb-margin-top:20px;--awb-margin-right:10px;--awb-margin-bottom:0px;--awb-margin-left:10px;--awb-margin-left-small:10px;--awb-link-color:var(--awb-color8);--awb-font-size:19px;\"><p class=\"fusion-title-heading title-heading-left title-heading-tag\" style=\"margin:0;font-size:1em;text-transform:none;\"><a href=\"https:\/\/andreibarseanu.ro\/hu\/celebrarea-zilei-mondiale-a-turismului\/\" class=\"awb-custom-text-color awb-custom-text-hover-color\" target=\"_self\">A Turizmus Vil\u00e1gnapj\u00e1nak meg\u00fcnnepl\u00e9se<\/a><\/p><\/div><\/div><\/li>\n<\/ul><\/div><\/div><\/div><\/div><\/div>","protected":false},"excerpt":{"rendered":"","protected":false},"author":1,"featured_media":4157,"parent":0,"menu_order":0,"comment_status":"closed","ping_status":"closed","template":"100-width.php","meta":{"footnotes":""},"class_list":["post-5417","page","type-page","status-publish","has-post-thumbnail","hentry"],"_links":{"self":[{"href":"https:\/\/andreibarseanu.ro\/hu\/wp-json\/wp\/v2\/pages\/5417","targetHints":{"allow":["GET"]}}],"collection":[{"href":"https:\/\/andreibarseanu.ro\/hu\/wp-json\/wp\/v2\/pages"}],"about":[{"href":"https:\/\/andreibarseanu.ro\/hu\/wp-json\/wp\/v2\/types\/page"}],"author":[{"embeddable":true,"href":"https:\/\/andreibarseanu.ro\/hu\/wp-json\/wp\/v2\/users\/1"}],"replies":[{"embeddable":true,"href":"https:\/\/andreibarseanu.ro\/hu\/wp-json\/wp\/v2\/comments?post=5417"}],"version-history":[{"count":15,"href":"https:\/\/andreibarseanu.ro\/hu\/wp-json\/wp\/v2\/pages\/5417\/revisions"}],"predecessor-version":[{"id":6636,"href":"https:\/\/andreibarseanu.ro\/hu\/wp-json\/wp\/v2\/pages\/5417\/revisions\/6636"}],"wp:featuredmedia":[{"embeddable":true,"href":"https:\/\/andreibarseanu.ro\/hu\/wp-json\/"}],"wp:attachment":[{"href":"https:\/\/andreibarseanu.ro\/hu\/wp-json\/wp\/v2\/media?parent=5417"}],"curies":[{"name":"wp","href":"https:\/\/api.w.org\/{rel}","templated":true}]}}