{"id":5714,"date":"2025-01-15T11:40:11","date_gmt":"2025-01-15T08:40:11","guid":{"rendered":"https:\/\/andreibarseanu.ro\/?page_id=5714"},"modified":"2025-03-08T10:07:28","modified_gmt":"2025-03-08T07:07:28","slug":"erasmus","status":"publish","type":"page","link":"https:\/\/andreibarseanu.ro\/hu\/erasmus\/","title":{"rendered":"Erasmus +"},"content":{"rendered":"<div class=\"fusion-fullwidth fullwidth-box fusion-builder-row-1 fusion-flex-container has-pattern-background has-mask-background nonhundred-percent-fullwidth non-hundred-percent-height-scrolling fusion-animated\" style=\"--awb-background-position:left top;--awb-background-blend-mode:screen;--awb-border-sizes-top:0px;--awb-border-sizes-bottom:0px;--awb-border-sizes-left:0px;--awb-border-sizes-right:0px;--awb-border-color:var(--awb-color3);--awb-border-radius-top-left:0px;--awb-border-radius-top-right:0px;--awb-border-radius-bottom-right:0px;--awb-border-radius-bottom-left:0px;--awb-padding-top:200px;--awb-padding-right:0px;--awb-padding-bottom:10px;--awb-padding-left:0px;--awb-padding-top-medium:0px;--awb-padding-bottom-medium:0px;--awb-padding-top-small:30px;--awb-margin-top:-120px;--awb-margin-bottom:20px;--awb-margin-top-medium:-80px;--awb-margin-bottom-medium:80px;--awb-margin-top-small:-60px;--awb-margin-bottom-small:60px;--awb-background-color:var(--awb-color1);--awb-flex-wrap:wrap;\" data-animationtype=\"fadeInUp\" data-animationduration=\"1.3\" data-animationoffset=\"top-into-view\" ><div class=\"fusion-builder-row fusion-row fusion-flex-align-items-stretch fusion-flex-justify-content-center fusion-flex-content-wrap\" style=\"max-width:calc( 1320px + 0px );margin-left: calc(-0px \/ 2 );margin-right: calc(-0px \/ 2 );\"><div class=\"fusion-layout-column fusion_builder_column fusion-builder-column-0 fusion_builder_column_1_1 1_1 fusion-flex-column\" style=\"--awb-bg-size:cover;--awb-width-large:100%;--awb-margin-top-large:60px;--awb-spacing-right-large:0px;--awb-margin-bottom-large:0px;--awb-spacing-left-large:0px;--awb-width-medium:100%;--awb-order-medium:0;--awb-spacing-right-medium:0px;--awb-spacing-left-medium:0px;--awb-width-small:100%;--awb-order-small:0;--awb-spacing-right-small:0px;--awb-spacing-left-small:0px;\" data-scroll-devices=\"small-visibility,medium-visibility,large-visibility\"><div class=\"fusion-column-wrapper fusion-column-has-shadow fusion-flex-justify-content-flex-start fusion-content-layout-column\"><div class=\"fusion-text fusion-text-1\" style=\"--awb-content-alignment:center;--awb-font-size:22px;--awb-text-color:var(--awb-color5);\"><p>Erasmus +<\/p>\n<\/div><\/div><\/div><div class=\"fusion-layout-column fusion_builder_column fusion-builder-column-1 fusion_builder_column_1_1 1_1 fusion-flex-column fusion-animated\" style=\"--awb-padding-top:30px;--awb-padding-right:4vw;--awb-padding-left:4vw;--awb-padding-top-small:0px;--awb-padding-right-small:30px;--awb-padding-bottom-small:0px;--awb-padding-left-small:30px;--awb-bg-color:var(--awb-color1);--awb-bg-color-hover:var(--awb-color1);--awb-bg-size:cover;--awb-width-large:100%;--awb-margin-top-large:0px;--awb-spacing-right-large:calc( 0.022 * calc( 100% - 0 ) );--awb-margin-bottom-large:0px;--awb-spacing-left-large:0px;--awb-width-medium:100%;--awb-order-medium:0;--awb-spacing-right-medium:calc( 0.022 * calc( 100% - 0 ) );--awb-spacing-left-medium:0px;--awb-width-small:100%;--awb-order-small:1;--awb-spacing-right-small:0px;--awb-spacing-left-small:0px;\" data-animationtype=\"fadeInUp\" data-animationduration=\"1.3\" data-animationoffset=\"top-into-view\" data-scroll-devices=\"small-visibility,medium-visibility,large-visibility\"><div class=\"fusion-column-wrapper fusion-column-has-shadow fusion-flex-justify-content-flex-start fusion-content-layout-column\"><div class=\"fusion-image-element\" style=\"text-align:center;--awb-margin-bottom:60px;--awb-caption-title-font-family:var(--h2_typography-font-family);--awb-caption-title-font-weight:var(--h2_typography-font-weight);--awb-caption-title-font-style:var(--h2_typography-font-style);--awb-caption-title-size:var(--h2_typography-font-size);--awb-caption-title-transform:var(--h2_typography-text-transform);--awb-caption-title-line-height:var(--h2_typography-line-height);--awb-caption-title-letter-spacing:var(--h2_typography-letter-spacing);\"><span class=\"fusion-imageframe imageframe-none imageframe-1 hover-type-none\"><img decoding=\"async\" width=\"685\" height=\"309\" title=\"erasmus\" src=\"https:\/\/andreibarseanu.ro\/wp-content\/uploads\/2025\/01\/erasmus.png\" data-orig-src=\"https:\/\/andreibarseanu.ro\/wp-content\/uploads\/2025\/01\/erasmus.png\" alt class=\"lazyload img-responsive wp-image-5743\" srcset=\"data:image\/svg+xml,%3Csvg%20xmlns%3D%27http%3A%2F%2Fwww.w3.org%2F2000%2Fsvg%27%20width%3D%27685%27%20height%3D%27309%27%20viewBox%3D%270%200%20685%20309%27%3E%3Crect%20width%3D%27685%27%20height%3D%27309%27%20fill-opacity%3D%220%22%2F%3E%3C%2Fsvg%3E\" data-srcset=\"https:\/\/andreibarseanu.ro\/wp-content\/uploads\/2025\/01\/erasmus-200x90.png 200w, https:\/\/andreibarseanu.ro\/wp-content\/uploads\/2025\/01\/erasmus-400x180.png 400w, https:\/\/andreibarseanu.ro\/wp-content\/uploads\/2025\/01\/erasmus-600x271.png 600w, https:\/\/andreibarseanu.ro\/wp-content\/uploads\/2025\/01\/erasmus.png 685w\" data-sizes=\"auto\" data-orig-sizes=\"(max-width: 850px) 100vw, 685px\" \/><\/span><\/div><div class=\"fusion-text fusion-text-2 sm-text-align-left fusion-text-no-margin\" style=\"--awb-margin-bottom:30px;\"><p>Az \u201eAndrei B\u00e2rseanu\u201d Elm\u00e9leti L\u00edceum els\u0151 alkalommal nyert Erasmus+ t\u00e1mogat\u00e1st, amely lehet\u0151v\u00e9 teszi sz\u00e1munkra, hogy a 2023-2024-es tan\u00e9vben az \u201eIskolai oktat\u00e1s\u201d ter\u00fclet\u00e9n mobilit\u00e1si projektet val\u00f3s\u00edtsunk meg \u201eEgy\u00fctt gondolkodunk, motiv\u00e1lunk \u00e9s megosztunk\u201d c\u00edmmel, amelyet az Eur\u00f3pai Bizotts\u00e1g az Erasmus+ programon kereszt\u00fcl finansz\u00edroz, \u00e9s amelyet a Rom\u00e1n Nemzeti \u00dcgyn\u00f6ks\u00e9g hagyott j\u00f3v\u00e1 a 2023-1-Ro01-KA122-KA122-SCH-000127251 hivatkoz\u00e1si sz\u00e1mmal. A projekt r\u00e9v\u00e9n a k\u00f6z\u00e9piskola 10 di\u00e1kja \u00e9s 10 tan\u00e1ra lehet\u0151s\u00e9get kap nemzetk\u00f6zi k\u00e9pz\u00e9seken val\u00f3 r\u00e9szv\u00e9telre \u00e9s tapasztalatcser\u00e9re m\u00e1s eur\u00f3pai orsz\u00e1gok koll\u00e9g\u00e1ival.<\/p>\n<\/div><div class=\"fusion-text fusion-text-3\" style=\"--awb-text-color:var(--awb-color5);\"><p><strong><u><a style=\"color: #000080;\" href=\"https:\/\/andreibarseanu.ro\/wp-content\/uploads\/2025\/03\/34_Scoala-incluziva-\u2013-scoala-prietenoasa.pdf\" target=\"_blank\" rel=\"noopener\">\u0218coala incluziv\u0103 &#8211; \u0218coala prietenoas\u0103: Ghid de bune practici<\/a><\/u><\/strong><\/p>\n<\/div><div class=\"fusion-text fusion-text-4\" style=\"--awb-text-color:var(--awb-color5);\"><p><strong><u><a style=\"color: #000080;\" href=\"https:\/\/andreibarseanu.ro\/hu\/erasmus\/erasmus-o-experienta-inedita-director-prof-mago-attila-marton\/\">Erasmus \u2013 egy egyedi \u00e9lm\u00e9ny \u2013 Mag\u00f3 Attila M\u00e1rton igazgat\u00f3<\/a><\/u><\/strong><\/p>\n<\/div><div class=\"fusion-text fusion-text-5\" style=\"--awb-text-color:var(--awb-color5);\"><p><strong><u><a style=\"color: #000080;\" href=\"https:\/\/andreibarseanu.ro\/hu\/erasmus\/bucuria-unei-experiente-inedite-prof-degerat-maria\/\">Egy egyed\u00fcl\u00e1ll\u00f3 \u00e9lm\u00e9ny \u00f6r\u00f6me \u2013 Degerat Maria tan\u00e1r<\/a><\/u><\/strong><\/p>\n<\/div><div class=\"fusion-text fusion-text-6\" style=\"--awb-text-color:var(--awb-color5);\"><p><strong><u><a style=\"color: #000080;\" href=\"https:\/\/andreibarseanu.ro\/hu\/erasmus\/erasmus-oportunitate-de-invatare-experientiala-prof-moraru-mihaela\/\">Erasmus \u2013 tapasztalati tanul\u00e1si lehet\u0151s\u00e9g \u2013 Moraru Mihaela tan\u00e1r<\/a><\/u><\/strong><\/p>\n<\/div><div class=\"fusion-text fusion-text-7\" style=\"--awb-text-color:var(--awb-color5);\"><p><strong><u><a style=\"color: #000080;\" href=\"https:\/\/andreibarseanu.ro\/hu\/erasmus\/erasmus-o-aventura-a-cunoasterii-prof-rezan-anca\/\">Erasmus+ \u2013 a tud\u00e1s kalandja \u2013 Rezan Anca tan\u00e1r<\/a><\/u><\/strong><\/p>\n<\/div><div class=\"fusion-text fusion-text-8\" style=\"--awb-text-color:var(--awb-color5);\"><p><strong><u><a style=\"color: #000080;\" href=\"https:\/\/andreibarseanu.ro\/hu\/erasmus\/cursul-stop-bullyingului-incepe-incluziunea-preventie-si-interventie-prof-nistor-marcela\/\">Hagyd abba a zaklat\u00e1st, kezdd el a befogad\u00e1st! \u2013 megel\u0151z\u00e9s \u00e9s beavatkoz\u00e1s \u2013 Nistor Marcela tan\u00e1r<\/a><\/u><\/strong><\/p>\n<\/div><div class=\"fusion-text fusion-text-9\" style=\"--awb-text-color:var(--awb-color5);\"><p><strong><u><a style=\"color: #000080;\" href=\"https:\/\/andreibarseanu.ro\/hu\/erasmus\/sub-semnul-lui-impreuna-gandim-ne-motivam-si-impartasim-un-proiect-de-suflet-prof-stoica-emilia\/\">Egy sz\u00edv-projekt \u201eAz egy\u00fctt gondolkodunk, egym\u00e1st motiv\u00e1ljuk \u00e9s k\u00f6z\u00f6sen dolgozunk\u201d jelige alatt  \u2013 Stoica Emilia tan\u00e1r<\/a><\/u><\/strong><\/p>\n<\/div><div class=\"fusion-text fusion-text-10\" style=\"--awb-text-color:var(--awb-color5);\"><p><strong><u><a style=\"color: #000080;\" href=\"https:\/\/andreibarseanu.ro\/hu\/erasmus\/o-experienta-de-cunoastere-inedita-director-adj-prof-negru-carmen\/\">Egyed\u00fcl\u00e1ll\u00f3 tanul\u00e1si \u00e9lm\u00e9ny \u2013 Negru Carmen igazgat\u00f3helyettes<\/a><\/u><\/strong><\/p>\n<\/div><div class=\"fusion-text fusion-text-11\" style=\"--awb-text-color:var(--awb-color5);\"><p><strong><u><a style=\"color: #000080;\" href=\"https:\/\/andreibarseanu.ro\/hu\/erasmus\/experienta-erasmus-lectii-de-viata-dincolo-de-carti-prof-cerghizan-alina\/\">Az Erasmus tapasztalat \u2013 \u00e9letleck\u00e9k a k\u00f6nyveken t\u00fal \u2013 Alina Cerghizan tan\u00e1r<\/a><\/u><\/strong><\/p>\n<\/div><div class=\"fusion-text fusion-text-12\" style=\"--awb-text-color:var(--awb-color5);\"><p><strong><u><a style=\"color: #000080;\" href=\"https:\/\/andreibarseanu.ro\/hu\/erasmus\/experienta-erasmus-impreuna-cultivam-pacea-si-prietenia-dumitru-sara\/\">Az Erasmus+ \u00e9lm\u00e9ny - k\u00f6z\u00f6sen \u00e1poljuk a b\u00e9k\u00e9t \u00e9s a bar\u00e1ts\u00e1got \u2013 Dumitru Sara<\/a><\/u><\/strong><\/p>\n<\/div><div class=\"fusion-text fusion-text-13\" style=\"--awb-text-color:var(--awb-color5);\"><p><strong><u><a style=\"color: #000080;\" href=\"https:\/\/andreibarseanu.ro\/hu\/erasmus\/experienta-erasmus-o-odisee-captivanta-vasiu-alexia\/\">Az Erasmus+ \u00e9lm\u00e9ny - egy mag\u00e1val ragad\u00f3 od\u00fcsszea \u2013 Vasiu Alexia<\/a><\/u><\/strong><\/p>\n<\/div><div class=\"fusion-text fusion-text-14\" style=\"--awb-text-color:var(--awb-color5);\"><p><strong><u><a style=\"color: #000080;\" href=\"https:\/\/andreibarseanu.ro\/hu\/erasmus\/experienta-erasmus-muzeu-al-amintirilor-tatar-amalia\/\">Az Erasmus+ \u00e9lm\u00e9ny - eml\u00e9kek m\u00fazeuma  \u2013 Tatar Amalia<\/a><\/u><\/strong><\/p>\n<\/div><div class=\"fusion-text fusion-text-15\" style=\"--awb-text-color:var(--awb-color5);\"><p><strong><u><a style=\"color: #000080;\" href=\"https:\/\/andreibarseanu.ro\/hu\/erasmus\/experienta-erasmus-vizita-la-acropole-boer-izabella\/\">Az Erasmus+ \u00e9lm\u00e9ny - Az Akropolisz megl\u00e1togat\u00e1sa \u2013 Boer Izabella<\/a><\/u><\/strong><\/p>\n<\/div><div class=\"fusion-text fusion-text-16\" style=\"--awb-text-color:var(--awb-color5);\"><p><strong><u><a style=\"color: #000080;\" href=\"https:\/\/andreibarseanu.ro\/hu\/erasmus\/experienta-erasmus-vizita-in-chalkida-cerghizan-teona\/\">Az Erasmus+ \u00e9lm\u00e9ny - Chalkida megl\u00e1togat\u00e1sa \u2013 Cerghizan Teona<\/a><\/u><\/strong><\/p>\n<\/div><div class=\"fusion-text fusion-text-17\" style=\"--awb-text-color:var(--awb-color5);\"><p><strong><u><a style=\"color: #000080;\" href=\"https:\/\/andreibarseanu.ro\/hu\/erasmus\/experienta-erasmus-prin-lentila-istoriei-indreica-daria\/\">Az Erasmus+ \u00e9lm\u00e9ny - a t\u00f6rt\u00e9nelem szem\u00fcveg\u00e9n kereszt\u00fcl \u2013 Indreica Daria<\/a><\/u><\/strong><\/p>\n<\/div><div class=\"fusion-text fusion-text-18\" style=\"--awb-text-color:var(--awb-color5);\"><p><strong><u><a style=\"color: #000080;\" href=\"https:\/\/andreibarseanu.ro\/hu\/erasmus\/experienta-erasmus-o-aventura-incredibila-moraru-malina\/\">Az Erasmus+ \u00e9lm\u00e9ny - egy hihetetlen kaland \u2013 Moraru Malina<\/a><\/u><\/strong><\/p>\n<\/div><div class=\"fusion-text fusion-text-19\" style=\"--awb-text-color:var(--awb-color5);\"><p><strong><u><a style=\"color: #000080;\" href=\"https:\/\/andreibarseanu.ro\/hu\/erasmus\/experienta-extraordinara-erasmus-vasiu-bogdan\/\">A rendk\u00edv\u00fcli Erasmus+ \u00e9lm\u00e9ny \u2013 Vasiu Bogdan<\/a><\/u><\/strong><\/p>\n<\/div><div class=\"fusion-text fusion-text-20\" style=\"--awb-text-color:var(--awb-color5);\"><p><strong><u><a style=\"color: #000080;\" href=\"https:\/\/andreibarseanu.ro\/hu\/erasmus\/experienta-erasmus-inedita-si-de-neuitat-tamas-beatrice\/\">Az Erasmus+ \u00e9lm\u00e9ny, egyed\u00fcl\u00e1ll\u00f3 \u00e9s felejthetetlen \u2013 Tamas Beatrice<\/a><\/u><\/strong><\/p>\n<\/div><div class=\"fusion-text fusion-text-21\" style=\"--awb-text-color:var(--awb-color5);\"><p><strong><u><a style=\"color: #000080;\" href=\"https:\/\/andreibarseanu.ro\/wp-content\/uploads\/2025\/01\/16_Rezultate-select\u0327ie-elevi-Mobilitate-Grecia.pdf\" target=\"_blank\" rel=\"noopener\">A di\u00e1kok kiv\u00e1laszt\u00e1s\u00e1nak eredm\u00e9nyei \u2013 mobilit\u00e1s program G\u00f6r\u00f6gorsz\u00e1gban<\/a><\/u><\/strong><\/p>\n<\/div><div class=\"fusion-text fusion-text-22\" style=\"--awb-text-color:var(--awb-color5);\"><p><strong><u><a style=\"color: #000080;\" href=\"https:\/\/andreibarseanu.ro\/wp-content\/uploads\/2025\/01\/15_Anunt-privind-concursul-de-select\u0327ie-a-elevi-pentru-mobilitatea-Grecia.pdf\" target=\"_blank\" rel=\"noopener\">A g\u00f6r\u00f6gorsz\u00e1gi mobilit\u00e1st c\u00e9lz\u00f3 di\u00e1kkiv\u00e1laszt\u00e1si-versenyre vonatkoz\u00f3 felh\u00edv\u00e1s<\/a><\/u><\/strong><\/p>\n<\/div><div class=\"fusion-text fusion-text-23\" style=\"--awb-text-color:var(--awb-color5);\"><p><strong><u><a style=\"color: #000080;\" href=\"https:\/\/andreibarseanu.ro\/wp-content\/uploads\/2025\/01\/14_Rezultate-select\u0327ii-participanti-cadre-didactice-la-mobilitatile-Grecia-si-Spania.pdf\" target=\"_blank\" rel=\"noopener\">A g\u00f6r\u00f6gorsz\u00e1gi \u00e9s spanyolorsz\u00e1gi mobilit\u00e1sokban r\u00e9sztvev\u0151 pedag\u00f3gusok kiv\u00e1laszt\u00e1s\u00e1nak eredm\u00e9nyei<\/a><\/u><\/strong><\/p>\n<\/div><div class=\"fusion-text fusion-text-24\" style=\"--awb-text-color:var(--awb-color5);\"><p><strong><u><a style=\"color: #000080;\" href=\"https:\/\/andreibarseanu.ro\/wp-content\/uploads\/2025\/01\/13_Programare-interviu-profesori-pentru-participarea-la-Mobilitatatile-Grecia-si-Spania.pdf\" target=\"_blank\" rel=\"noopener\">Tan\u00e1ri interj\u00fak \u00fctemez\u00e9se a g\u00f6r\u00f6gorsz\u00e1gi \u00e9s spanyolorsz\u00e1gi mobilit\u00e1sokban val\u00f3 r\u00e9szv\u00e9telhez<\/a><\/u><\/strong><\/p>\n<\/div><div class=\"fusion-text fusion-text-25\" style=\"--awb-text-color:var(--awb-color5);\"><p><strong><u><a style=\"color: #000080;\" href=\"https:\/\/andreibarseanu.ro\/wp-content\/uploads\/2025\/01\/12_Rezultate-evaluare-candidaturi-profesori-participant\u0327i-la-Mobilitatea-Grecia-si-Spania.pdf\" target=\"_blank\" rel=\"noopener\">A g\u00f6r\u00f6gorsz\u00e1gi \u00e9s spanyolorsz\u00e1gi mobilit\u00e1sban r\u00e9szt vev\u0151 tan\u00e1rok p\u00e1ly\u00e1zatainak \u00e9rt\u00e9kel\u00e9s\u00e9nek eredm\u00e9nyei<\/a><\/u><\/strong><\/p>\n<\/div><div class=\"fusion-text fusion-text-26\" style=\"--awb-text-color:var(--awb-color5);\"><p><strong><u><a style=\"color: #000080;\" href=\"https:\/\/andreibarseanu.ro\/wp-content\/uploads\/2025\/01\/11_Anunt\u0327-privind-select\u0327ia-cadrelor-didactice-care-vor-participa-la-mobilita\u0306t\u0327ile-din-Grecia-s\u0327i-Spania-din-cadrul-proiectului-Erasmus.pdf\" target=\"_blank\" rel=\"noopener\">\u00c9rtes\u00edt\u00e9s a g\u00f6r\u00f6gorsz\u00e1gi \u00e9s spanyolorsz\u00e1gi Erasmus+ mobilit\u00e1si projektben r\u00e9szt vev\u0151 tan\u00e1rok kiv\u00e1laszt\u00e1s\u00e1r\u00f3l<\/a><\/u><\/strong><\/p>\n<\/div><div class=\"fusion-text fusion-text-27\" style=\"--awb-text-color:var(--awb-color5);\"><p><strong><u><a style=\"color: #000080;\" href=\"https:\/\/andreibarseanu.ro\/wp-content\/uploads\/2025\/01\/10_Anunt\u0327-privind-select\u0327ia-elevilor-care-vor-participa-la-mobilitatea-din-Grecia-din-cadrul-proiectului-Erasmus.pdf\" target=\"_blank\" rel=\"noopener\">\u00c9rtes\u00edt\u00e9s a g\u00f6r\u00f6gorsz\u00e1gi Erasmus+ mobilit\u00e1si programban r\u00e9szt vev\u0151 di\u00e1kok kiv\u00e1laszt\u00e1s\u00e1r\u00f3l<\/a><\/u><\/strong><\/p>\n<\/div><div class=\"fusion-text fusion-text-28\" style=\"--awb-text-color:var(--awb-color5);\"><p><strong><u><a style=\"color: #000080;\" href=\"https:\/\/andreibarseanu.ro\/wp-content\/uploads\/2025\/01\/9_Procedura-operat\u0327ionala\u0306-Erasmus-pentru-select\u0327ia-elevilor-format-editabil.docx\" target=\"_blank\" rel=\"noopener\">Erasmus+ operat\u00edv elj\u00e1r\u00e1s az oktat\u00f3k kiv\u00e1laszt\u00e1s\u00e1ra (szerkeszthet\u0151 form\u00e1tumban)<\/a><\/u><\/strong><\/p>\n<\/div><div class=\"fusion-text fusion-text-29\" style=\"--awb-text-color:var(--awb-color5);\"><p><strong><u><a style=\"color: #000080;\" href=\"https:\/\/andreibarseanu.ro\/wp-content\/uploads\/2025\/01\/8_Procedura-operat\u0327ionala\u0306-Erasmus-pentru-select\u0327ia-elevilor.pdf\" target=\"_blank\" rel=\"noopener\">Erasmus+ operat\u00edv elj\u00e1r\u00e1s a di\u00e1kok kiv\u00e1laszt\u00e1s\u00e1ra<\/a><\/u><\/strong><\/p>\n<\/div><div class=\"fusion-text fusion-text-30\" style=\"--awb-text-color:var(--awb-color5);\"><p><strong><u><a style=\"color: #000080;\" href=\"https:\/\/andreibarseanu.ro\/hu\/erasmus\/experienta-mobilitatii-erasmus\/\">Az Erasmus mobilit\u00e1si tapasztalat \u2013 B\u00e9res Ilona tan\u00e1r<\/a><\/u><\/strong><\/p>\n<\/div><div class=\"fusion-text fusion-text-31\" style=\"--awb-text-color:var(--awb-color5);\"><p><strong><u><a style=\"color: #000080;\" href=\"https:\/\/andreibarseanu.ro\/hu\/erasmus\/erasmus-o-experienta-de-neuitat\/\">Erasmus \u2013 Egy felejthetetlen \u00e9lm\u00e9ny! \u2013 Keszeg Ilonka tan\u00e1r<\/a><\/u><\/strong><\/p>\n<\/div><div class=\"fusion-text fusion-text-32\" style=\"--awb-text-color:var(--awb-color5);\"><p><strong><u><a style=\"color: #000080;\" href=\"https:\/\/andreibarseanu.ro\/wp-content\/uploads\/2025\/01\/5_Rezultate-finale-selectie-cadre-didactice-participante-la-mobilitatea-Erasmus-Ungaria.pdf\" target=\"_blank\" rel=\"noopener\">A magyarorsz\u00e1gi Erasmus mobilit\u00e1sban r\u00e9sztvev\u0151 oktat\u00f3k kiv\u00e1laszt\u00e1s\u00e1nak v\u00e9geredm\u00e9nye<\/a><\/u><\/strong><\/p>\n<\/div><div class=\"fusion-text fusion-text-33\" style=\"--awb-text-color:var(--awb-color5);\"><p><strong><u><a style=\"color: #000080;\" href=\"https:\/\/andreibarseanu.ro\/wp-content\/uploads\/2025\/01\/4_Programare-interviu-cadre-didactice-participante-la-mobilitatea-Erasmus-Ungaria.pdf\" target=\"_blank\" rel=\"noopener\">Tan\u00e1ri interj\u00fak \u00fctemez\u00e9se a magyarorsz\u00e1gi mobilit\u00e1sban val\u00f3 r\u00e9szv\u00e9telhez<\/a><\/u><\/strong><\/p>\n<\/div><div class=\"fusion-text fusion-text-34\" style=\"--awb-text-color:var(--awb-color5);\"><p><strong><u><a style=\"color: #000080;\" href=\"https:\/\/andreibarseanu.ro\/wp-content\/uploads\/2025\/01\/3_Rezultate-evaluare-candidaturi-profesori-participanti-la-mobilitatea-Erasmus-Ungaria.pdf\" target=\"_blank\" rel=\"noopener\">A magyarorsz\u00e1gi mobilit\u00e1sban r\u00e9szt vev\u0151 tan\u00e1rok p\u00e1ly\u00e1zatainak \u00e9rt\u00e9kel\u00e9s\u00e9nek eredm\u00e9nyei<\/a><\/u><\/strong><\/p>\n<\/div><div class=\"fusion-text fusion-text-35\" style=\"--awb-text-color:var(--awb-color5);\"><p><strong><u><a style=\"color: #000080;\" href=\"https:\/\/andreibarseanu.ro\/wp-content\/uploads\/2025\/01\/2_Anunt\u0327-select\u0327ie-cadre-didactice-pentru-Mobilitatea-Erasmus-Ungaria.pdf\" target=\"_blank\" rel=\"noopener\">\u00c9rtes\u00edt\u00e9s a magyarorsz\u00e1gi Erasmus mobilit\u00e1si projektben r\u00e9szt vev\u0151 tan\u00e1rok kiv\u00e1laszt\u00e1s\u00e1r\u00f3l<\/a><\/u><\/strong><\/p>\n<\/div><div class=\"fusion-text fusion-text-36\" style=\"--awb-text-color:var(--awb-color5);\"><p><strong><u><a style=\"color: #000080;\" href=\"https:\/\/andreibarseanu.ro\/wp-content\/uploads\/2025\/01\/1_Procedura-select\u0327ie-profesori-pentru-mobilitatea-Erasmus.pdf\" target=\"_blank\" rel=\"noopener\">Erasmus operat\u00edv elj\u00e1r\u00e1s az oktat\u00f3k kiv\u00e1laszt\u00e1s\u00e1ra<\/a><\/u><\/strong><\/p>\n<\/div><\/div><\/div><\/div><\/div>","protected":false},"excerpt":{"rendered":"","protected":false},"author":1,"featured_media":4157,"parent":0,"menu_order":0,"comment_status":"closed","ping_status":"closed","template":"100-width.php","meta":{"footnotes":""},"class_list":["post-5714","page","type-page","status-publish","has-post-thumbnail","hentry"],"_links":{"self":[{"href":"https:\/\/andreibarseanu.ro\/hu\/wp-json\/wp\/v2\/pages\/5714","targetHints":{"allow":["GET"]}}],"collection":[{"href":"https:\/\/andreibarseanu.ro\/hu\/wp-json\/wp\/v2\/pages"}],"about":[{"href":"https:\/\/andreibarseanu.ro\/hu\/wp-json\/wp\/v2\/types\/page"}],"author":[{"embeddable":true,"href":"https:\/\/andreibarseanu.ro\/hu\/wp-json\/wp\/v2\/users\/1"}],"replies":[{"embeddable":true,"href":"https:\/\/andreibarseanu.ro\/hu\/wp-json\/wp\/v2\/comments?post=5714"}],"version-history":[{"count":35,"href":"https:\/\/andreibarseanu.ro\/hu\/wp-json\/wp\/v2\/pages\/5714\/revisions"}],"predecessor-version":[{"id":6257,"href":"https:\/\/andreibarseanu.ro\/hu\/wp-json\/wp\/v2\/pages\/5714\/revisions\/6257"}],"wp:featuredmedia":[{"embeddable":true,"href":"https:\/\/andreibarseanu.ro\/hu\/wp-json\/"}],"wp:attachment":[{"href":"https:\/\/andreibarseanu.ro\/hu\/wp-json\/wp\/v2\/media?parent=5714"}],"curies":[{"name":"wp","href":"https:\/\/api.w.org\/{rel}","templated":true}]}}